{"id":1982,"date":"2025-09-22T13:24:36","date_gmt":"2025-09-22T11:24:36","guid":{"rendered":"https:\/\/actionnairespourleclimat.org\/?page_id=1982"},"modified":"2025-09-22T13:42:06","modified_gmt":"2025-09-22T11:42:06","slug":"publications","status":"publish","type":"page","link":"https:\/\/actionnairespourleclimat.org\/index.php\/publications\/","title":{"rendered":"Publications"},"content":{"rendered":"\t\t<div data-elementor-type=\"wp-page\" data-elementor-id=\"1982\" class=\"elementor elementor-1982\" data-elementor-post-type=\"page\">\n\t\t\t\t<div class=\"elementor-element elementor-element-a5cefb5 e-con-full e-flex e-con e-parent\" data-id=\"a5cefb5\" data-element_type=\"container\" data-e-type=\"container\">\n\t\t<div class=\"elementor-element elementor-element-21549e1 e-con-full e-flex e-con e-child\" data-id=\"21549e1\" data-element_type=\"container\" data-e-type=\"container\" data-settings=\"{&quot;background_background&quot;:&quot;gradient&quot;,&quot;shape_divider_top&quot;:&quot;opacity-tilt&quot;,&quot;shape_divider_bottom&quot;:&quot;opacity-tilt&quot;}\">\n\t\t\t\t<div class=\"elementor-shape elementor-shape-top\" aria-hidden=\"true\" data-negative=\"false\">\n\t\t\t<svg xmlns=\"http:\/\/www.w3.org\/2000\/svg\" viewBox=\"0 0 2600 131.1\" preserveAspectRatio=\"none\">\n\t<path class=\"elementor-shape-fill\" d=\"M0 0L2600 0 2600 69.1 0 0z\"\/>\n\t<path class=\"elementor-shape-fill\" style=\"opacity:0.5\" d=\"M0 0L2600 0 2600 69.1 0 69.1z\"\/>\n\t<path class=\"elementor-shape-fill\" style=\"opacity:0.25\" d=\"M2600 0L0 0 0 130.1 2600 69.1z\"\/>\n<\/svg>\t\t<\/div>\n\t\t\t\t<div class=\"elementor-shape elementor-shape-bottom\" aria-hidden=\"true\" data-negative=\"false\">\n\t\t\t<svg xmlns=\"http:\/\/www.w3.org\/2000\/svg\" viewBox=\"0 0 2600 131.1\" preserveAspectRatio=\"none\">\n\t<path class=\"elementor-shape-fill\" d=\"M0 0L2600 0 2600 69.1 0 0z\"\/>\n\t<path class=\"elementor-shape-fill\" style=\"opacity:0.5\" d=\"M0 0L2600 0 2600 69.1 0 69.1z\"\/>\n\t<path class=\"elementor-shape-fill\" style=\"opacity:0.25\" d=\"M2600 0L0 0 0 130.1 2600 69.1z\"\/>\n<\/svg>\t\t<\/div>\n\t\t\t\t<div class=\"elementor-element elementor-element-c641657 elementor-widget__width-inherit elementor-widget elementor-widget-heading\" data-id=\"c641657\" data-element_type=\"widget\" data-e-type=\"widget\" data-widget_type=\"heading.default\">\n\t\t\t\t<div class=\"elementor-widget-container\">\n\t\t\t\t\t<h2 class=\"elementor-heading-title elementor-size-small\">Publications<\/h2>\t\t\t\t<\/div>\n\t\t\t\t<\/div>\n\t\t\t\t<\/div>\n\t\t\t\t<\/div>\n\t\t<div class=\"elementor-element elementor-element-c250061 e-flex e-con-boxed e-con e-parent\" data-id=\"c250061\" data-element_type=\"container\" data-e-type=\"container\">\n\t\t\t\t\t<div class=\"e-con-inner\">\n\t\t\t\t<div class=\"elementor-element elementor-element-9ae693b elementor-grid-3 elementor-grid-tablet-2 elementor-grid-mobile-1 elementor-posts--thumbnail-top elementor-card-shadow-yes elementor-posts__hover-gradient elementor-widget elementor-widget-posts\" data-id=\"9ae693b\" data-element_type=\"widget\" data-e-type=\"widget\" data-settings=\"{&quot;cards_columns&quot;:&quot;3&quot;,&quot;cards_columns_tablet&quot;:&quot;2&quot;,&quot;cards_columns_mobile&quot;:&quot;1&quot;,&quot;cards_row_gap&quot;:{&quot;unit&quot;:&quot;px&quot;,&quot;size&quot;:35,&quot;sizes&quot;:[]},&quot;cards_row_gap_tablet&quot;:{&quot;unit&quot;:&quot;px&quot;,&quot;size&quot;:&quot;&quot;,&quot;sizes&quot;:[]},&quot;cards_row_gap_mobile&quot;:{&quot;unit&quot;:&quot;px&quot;,&quot;size&quot;:&quot;&quot;,&quot;sizes&quot;:[]}}\" data-widget_type=\"posts.cards\">\n\t\t\t\t<div class=\"elementor-widget-container\">\n\t\t\t\t\t\t\t<div class=\"elementor-posts-container elementor-posts elementor-posts--skin-cards elementor-grid\" role=\"list\">\n\t\t\t\t<article class=\"elementor-post elementor-grid-item post-2011 post type-post status-publish format-standard has-post-thumbnail hentry category-non-classe\" role=\"listitem\">\n\t\t\t<div class=\"elementor-post__card\">\n\t\t\t\t<a class=\"elementor-post__thumbnail__link\" href=\"https:\/\/actionnairespourleclimat.org\/index.php\/2025\/10\/20\/stress-tests-climatiques-du-cac-40-3eme-edition\/\" tabindex=\"-1\" ><div class=\"elementor-post__thumbnail\"><img fetchpriority=\"high\" decoding=\"async\" width=\"208\" height=\"300\" src=\"https:\/\/actionnairespourleclimat.org\/wp-content\/uploads\/2025\/10\/1Page-garde-site-208x300.jpg\" class=\"attachment-medium size-medium wp-image-2013\" alt=\"\" srcset=\"https:\/\/actionnairespourleclimat.org\/wp-content\/uploads\/2025\/10\/1Page-garde-site-208x300.jpg 208w, https:\/\/actionnairespourleclimat.org\/wp-content\/uploads\/2025\/10\/1Page-garde-site-709x1024.jpg 709w, https:\/\/actionnairespourleclimat.org\/wp-content\/uploads\/2025\/10\/1Page-garde-site.jpg 720w\" sizes=\"(max-width: 208px) 100vw, 208px\" \/><\/div><\/a>\n\t\t\t\t<div class=\"elementor-post__text\">\n\t\t\t\t<h3 class=\"elementor-post__title\">\n\t\t\t<a href=\"https:\/\/actionnairespourleclimat.org\/index.php\/2025\/10\/20\/stress-tests-climatiques-du-cac-40-3eme-edition\/\" >\n\t\t\t\tStress tests climatiques du CAC 40 \u2013 3\u00e8me \u00e9dition\t\t\t<\/a>\n\t\t<\/h3>\n\t\t\t\t\t<div class=\"elementor-post__read-more-wrapper\">\n\t\t\n\t\t<a class=\"elementor-post__read-more\" href=\"https:\/\/actionnairespourleclimat.org\/index.php\/2025\/10\/20\/stress-tests-climatiques-du-cac-40-3eme-edition\/\" aria-label=\"En savoir plus sur Stress tests climatiques du CAC 40 \u2013 3\u00e8me \u00e9dition\" tabindex=\"-1\" >\n\t\t\tLire la suite \u00bb\t\t<\/a>\n\n\t\t\t\t\t<\/div>\n\t\t\t\t<\/div>\n\t\t\t\t<div class=\"elementor-post__meta-data\">\n\t\t\t\t\t<span class=\"elementor-post-date\">\n\t\t\t20 octobre 2025\t\t<\/span>\n\t\t\t\t<\/div>\n\t\t\t\t\t<\/div>\n\t\t<\/article>\n\t\t\t\t<article class=\"elementor-post elementor-grid-item post-1917 post type-post status-publish format-standard has-post-thumbnail hentry category-non-classe\" role=\"listitem\">\n\t\t\t<div class=\"elementor-post__card\">\n\t\t\t\t<a class=\"elementor-post__thumbnail__link\" href=\"https:\/\/actionnairespourleclimat.org\/index.php\/2025\/09\/24\/aides-publiques-aux-grandes-entreprises-le-senat-ouvre-la-porte-au-remboursement-de-plusieurs-milliards-deuros-daides-publiques\/\" tabindex=\"-1\" ><div class=\"elementor-post__thumbnail\"><img decoding=\"async\" width=\"259\" height=\"194\" src=\"https:\/\/actionnairespourleclimat.org\/wp-content\/uploads\/2025\/09\/Senat.jpg\" class=\"attachment-medium size-medium wp-image-1918\" alt=\"\" \/><\/div><\/a>\n\t\t\t\t<div class=\"elementor-post__text\">\n\t\t\t\t<h3 class=\"elementor-post__title\">\n\t\t\t<a href=\"https:\/\/actionnairespourleclimat.org\/index.php\/2025\/09\/24\/aides-publiques-aux-grandes-entreprises-le-senat-ouvre-la-porte-au-remboursement-de-plusieurs-milliards-deuros-daides-publiques\/\" >\n\t\t\t\tAides publiques aux grandes entreprises : le S\u00e9nat ouvre la porte au remboursement de plusieurs milliards d\u2019euros d\u2019aides publiques\t\t\t<\/a>\n\t\t<\/h3>\n\t\t\t\t\t<div class=\"elementor-post__read-more-wrapper\">\n\t\t\n\t\t<a class=\"elementor-post__read-more\" href=\"https:\/\/actionnairespourleclimat.org\/index.php\/2025\/09\/24\/aides-publiques-aux-grandes-entreprises-le-senat-ouvre-la-porte-au-remboursement-de-plusieurs-milliards-deuros-daides-publiques\/\" aria-label=\"En savoir plus sur Aides publiques aux grandes entreprises : le S\u00e9nat ouvre la porte au remboursement de plusieurs milliards d\u2019euros d\u2019aides publiques\" tabindex=\"-1\" >\n\t\t\tLire la suite \u00bb\t\t<\/a>\n\n\t\t\t\t\t<\/div>\n\t\t\t\t<\/div>\n\t\t\t\t<div class=\"elementor-post__meta-data\">\n\t\t\t\t\t<span class=\"elementor-post-date\">\n\t\t\t24 septembre 2025\t\t<\/span>\n\t\t\t\t<\/div>\n\t\t\t\t\t<\/div>\n\t\t<\/article>\n\t\t\t\t<article class=\"elementor-post elementor-grid-item post-1908 post type-post status-publish format-standard has-post-thumbnail hentry category-non-classe\" role=\"listitem\">\n\t\t\t<div class=\"elementor-post__card\">\n\t\t\t\t<a class=\"elementor-post__thumbnail__link\" href=\"https:\/\/actionnairespourleclimat.org\/index.php\/2025\/09\/19\/actionnaires-pour-le-climat-met-en-demeure-airbus-et-sa-filiale-mbda-de-publier-leur-plan-de-vigilance\/\" tabindex=\"-1\" ><div class=\"elementor-post__thumbnail\"><img decoding=\"async\" width=\"288\" height=\"175\" src=\"https:\/\/actionnairespourleclimat.org\/wp-content\/uploads\/2025\/09\/MBDA.jpg\" class=\"attachment-medium size-medium wp-image-1909\" alt=\"\" \/><\/div><\/a>\n\t\t\t\t<div class=\"elementor-post__text\">\n\t\t\t\t<h3 class=\"elementor-post__title\">\n\t\t\t<a href=\"https:\/\/actionnairespourleclimat.org\/index.php\/2025\/09\/19\/actionnaires-pour-le-climat-met-en-demeure-airbus-et-sa-filiale-mbda-de-publier-leur-plan-de-vigilance\/\" >\n\t\t\t\tActionnaires pour le climat met en demeure Airbus et sa filiale MBDA de publier leur plan de vigilance\t\t\t<\/a>\n\t\t<\/h3>\n\t\t\t\t\t<div class=\"elementor-post__read-more-wrapper\">\n\t\t\n\t\t<a class=\"elementor-post__read-more\" href=\"https:\/\/actionnairespourleclimat.org\/index.php\/2025\/09\/19\/actionnaires-pour-le-climat-met-en-demeure-airbus-et-sa-filiale-mbda-de-publier-leur-plan-de-vigilance\/\" aria-label=\"En savoir plus sur Actionnaires pour le climat met en demeure Airbus et sa filiale MBDA de publier leur plan de vigilance\" tabindex=\"-1\" >\n\t\t\tLire la suite \u00bb\t\t<\/a>\n\n\t\t\t\t\t<\/div>\n\t\t\t\t<\/div>\n\t\t\t\t<div class=\"elementor-post__meta-data\">\n\t\t\t\t\t<span class=\"elementor-post-date\">\n\t\t\t19 septembre 2025\t\t<\/span>\n\t\t\t\t<\/div>\n\t\t\t\t\t<\/div>\n\t\t<\/article>\n\t\t\t\t<article class=\"elementor-post elementor-grid-item post-1884 post type-post status-publish format-standard has-post-thumbnail hentry category-non-classe\" role=\"listitem\">\n\t\t\t<div class=\"elementor-post__card\">\n\t\t\t\t<a class=\"elementor-post__thumbnail__link\" href=\"https:\/\/actionnairespourleclimat.org\/index.php\/2025\/09\/16\/16-societes-du-sbf-120-se-sont-mises-en-conformite-de-publication-du-beges-suite-a-leur-mise-en-demeure-par-actionnaires-pour-le-climat-2\/\" tabindex=\"-1\" ><div class=\"elementor-post__thumbnail\"><img loading=\"lazy\" decoding=\"async\" width=\"300\" height=\"300\" src=\"https:\/\/actionnairespourleclimat.org\/wp-content\/uploads\/2025\/09\/sbf-120-index-300x300.webp\" class=\"attachment-medium size-medium wp-image-1865\" alt=\"\" srcset=\"https:\/\/actionnairespourleclimat.org\/wp-content\/uploads\/2025\/09\/sbf-120-index-300x300.webp 300w, https:\/\/actionnairespourleclimat.org\/wp-content\/uploads\/2025\/09\/sbf-120-index-150x150.webp 150w, https:\/\/actionnairespourleclimat.org\/wp-content\/uploads\/2025\/09\/sbf-120-index.webp 407w\" sizes=\"(max-width: 300px) 100vw, 300px\" \/><\/div><\/a>\n\t\t\t\t<div class=\"elementor-post__text\">\n\t\t\t\t<h3 class=\"elementor-post__title\">\n\t\t\t<a href=\"https:\/\/actionnairespourleclimat.org\/index.php\/2025\/09\/16\/16-societes-du-sbf-120-se-sont-mises-en-conformite-de-publication-du-beges-suite-a-leur-mise-en-demeure-par-actionnaires-pour-le-climat-2\/\" >\n\t\t\t\t16 soci\u00e9t\u00e9s du SBF 120 se sont mises en conformit\u00e9 de publication du BEGES suite \u00e0 leur mise en demeure par Actionnaires pour le climat\t\t\t<\/a>\n\t\t<\/h3>\n\t\t\t\t\t<div class=\"elementor-post__read-more-wrapper\">\n\t\t\n\t\t<a class=\"elementor-post__read-more\" href=\"https:\/\/actionnairespourleclimat.org\/index.php\/2025\/09\/16\/16-societes-du-sbf-120-se-sont-mises-en-conformite-de-publication-du-beges-suite-a-leur-mise-en-demeure-par-actionnaires-pour-le-climat-2\/\" aria-label=\"En savoir plus sur 16 soci\u00e9t\u00e9s du SBF 120 se sont mises en conformit\u00e9 de publication du BEGES suite \u00e0 leur mise en demeure par Actionnaires pour le climat\" tabindex=\"-1\" >\n\t\t\tLire la suite \u00bb\t\t<\/a>\n\n\t\t\t\t\t<\/div>\n\t\t\t\t<\/div>\n\t\t\t\t<div class=\"elementor-post__meta-data\">\n\t\t\t\t\t<span class=\"elementor-post-date\">\n\t\t\t16 septembre 2025\t\t<\/span>\n\t\t\t\t<\/div>\n\t\t\t\t\t<\/div>\n\t\t<\/article>\n\t\t\t\t<article class=\"elementor-post elementor-grid-item post-1839 post type-post status-publish format-standard has-post-thumbnail hentry category-non-classe\" role=\"listitem\">\n\t\t\t<div class=\"elementor-post__card\">\n\t\t\t\t<a class=\"elementor-post__thumbnail__link\" href=\"https:\/\/actionnairespourleclimat.org\/index.php\/2024\/10\/31\/mise-en-demeure-de-41-societes-du-sbf-120-pour-non-publication-de-leur-bilans-des-emissions-de-gaz-a-effet-de-serre-beges\/\" tabindex=\"-1\" ><div class=\"elementor-post__thumbnail\"><img loading=\"lazy\" decoding=\"async\" width=\"300\" height=\"158\" src=\"https:\/\/actionnairespourleclimat.org\/wp-content\/uploads\/2024\/11\/6Image-BEGES-300x158.jpg\" class=\"attachment-medium size-medium wp-image-1815\" alt=\"\" srcset=\"https:\/\/actionnairespourleclimat.org\/wp-content\/uploads\/2024\/11\/6Image-BEGES-300x158.jpg 300w, https:\/\/actionnairespourleclimat.org\/wp-content\/uploads\/2024\/11\/6Image-BEGES.jpg 310w\" sizes=\"(max-width: 300px) 100vw, 300px\" \/><\/div><\/a>\n\t\t\t\t<div class=\"elementor-post__text\">\n\t\t\t\t<h3 class=\"elementor-post__title\">\n\t\t\t<a href=\"https:\/\/actionnairespourleclimat.org\/index.php\/2024\/10\/31\/mise-en-demeure-de-41-societes-du-sbf-120-pour-non-publication-de-leur-bilans-des-emissions-de-gaz-a-effet-de-serre-beges\/\" >\n\t\t\t\tMise en demeure de 41 soci\u00e9t\u00e9s du SBF 120 pour non publication de leurs Bilans des Emissions de Gaz \u00e0 Effet de Serre (BEGES)\t\t\t<\/a>\n\t\t<\/h3>\n\t\t\t\t\t<div class=\"elementor-post__read-more-wrapper\">\n\t\t\n\t\t<a class=\"elementor-post__read-more\" href=\"https:\/\/actionnairespourleclimat.org\/index.php\/2024\/10\/31\/mise-en-demeure-de-41-societes-du-sbf-120-pour-non-publication-de-leur-bilans-des-emissions-de-gaz-a-effet-de-serre-beges\/\" aria-label=\"En savoir plus sur Mise en demeure de 41 soci\u00e9t\u00e9s du SBF 120 pour non publication de leurs Bilans des Emissions de Gaz \u00e0 Effet de Serre (BEGES)\" tabindex=\"-1\" >\n\t\t\tLire la suite \u00bb\t\t<\/a>\n\n\t\t\t\t\t<\/div>\n\t\t\t\t<\/div>\n\t\t\t\t<div class=\"elementor-post__meta-data\">\n\t\t\t\t\t<span class=\"elementor-post-date\">\n\t\t\t31 octobre 2024\t\t<\/span>\n\t\t\t\t<\/div>\n\t\t\t\t\t<\/div>\n\t\t<\/article>\n\t\t\t\t<article class=\"elementor-post elementor-grid-item post-1828 post type-post status-publish format-standard has-post-thumbnail hentry category-non-classe\" role=\"listitem\">\n\t\t\t<div class=\"elementor-post__card\">\n\t\t\t\t<a class=\"elementor-post__thumbnail__link\" href=\"https:\/\/actionnairespourleclimat.org\/index.php\/2024\/10\/08\/stress-test-climatique-du-cac-40-2eme-edition\/\" tabindex=\"-1\" ><div class=\"elementor-post__thumbnail\"><img loading=\"lazy\" decoding=\"async\" width=\"300\" height=\"150\" src=\"https:\/\/actionnairespourleclimat.org\/wp-content\/uploads\/2024\/11\/5Image-stress-tests-300x150.jpg\" class=\"attachment-medium size-medium wp-image-1813\" alt=\"\" srcset=\"https:\/\/actionnairespourleclimat.org\/wp-content\/uploads\/2024\/11\/5Image-stress-tests-300x150.jpg 300w, https:\/\/actionnairespourleclimat.org\/wp-content\/uploads\/2024\/11\/5Image-stress-tests-768x384.jpg 768w, https:\/\/actionnairespourleclimat.org\/wp-content\/uploads\/2024\/11\/5Image-stress-tests.jpg 1000w\" sizes=\"(max-width: 300px) 100vw, 300px\" \/><\/div><\/a>\n\t\t\t\t<div class=\"elementor-post__text\">\n\t\t\t\t<h3 class=\"elementor-post__title\">\n\t\t\t<a href=\"https:\/\/actionnairespourleclimat.org\/index.php\/2024\/10\/08\/stress-test-climatique-du-cac-40-2eme-edition\/\" >\n\t\t\t\tStress test climatique du CAC 40 \u2013 2\u00e8me \u00e9dition\t\t\t<\/a>\n\t\t<\/h3>\n\t\t\t\t\t<div class=\"elementor-post__read-more-wrapper\">\n\t\t\n\t\t<a class=\"elementor-post__read-more\" href=\"https:\/\/actionnairespourleclimat.org\/index.php\/2024\/10\/08\/stress-test-climatique-du-cac-40-2eme-edition\/\" aria-label=\"En savoir plus sur Stress test climatique du CAC 40 \u2013 2\u00e8me \u00e9dition\" tabindex=\"-1\" >\n\t\t\tLire la suite \u00bb\t\t<\/a>\n\n\t\t\t\t\t<\/div>\n\t\t\t\t<\/div>\n\t\t\t\t<div class=\"elementor-post__meta-data\">\n\t\t\t\t\t<span class=\"elementor-post-date\">\n\t\t\t8 octobre 2024\t\t<\/span>\n\t\t\t\t<\/div>\n\t\t\t\t\t<\/div>\n\t\t<\/article>\n\t\t\t\t<article class=\"elementor-post elementor-grid-item post-1817 post type-post status-publish format-standard has-post-thumbnail hentry category-non-classe\" role=\"listitem\">\n\t\t\t<div class=\"elementor-post__card\">\n\t\t\t\t<a class=\"elementor-post__thumbnail__link\" href=\"https:\/\/actionnairespourleclimat.org\/index.php\/2024\/07\/02\/la-loi-pacte-a-echoue-a-judiciariser-la-responsabilite-sociale-et-environnementale-des-entreprises\/\" tabindex=\"-1\" ><div class=\"elementor-post__thumbnail\"><img loading=\"lazy\" decoding=\"async\" width=\"283\" height=\"178\" src=\"https:\/\/actionnairespourleclimat.org\/wp-content\/uploads\/2024\/11\/4Image-loi-Pacte.jpg\" class=\"attachment-medium size-medium wp-image-1812\" alt=\"\" \/><\/div><\/a>\n\t\t\t\t<div class=\"elementor-post__text\">\n\t\t\t\t<h3 class=\"elementor-post__title\">\n\t\t\t<a href=\"https:\/\/actionnairespourleclimat.org\/index.php\/2024\/07\/02\/la-loi-pacte-a-echoue-a-judiciariser-la-responsabilite-sociale-et-environnementale-des-entreprises\/\" >\n\t\t\t\tLa loi Pacte a \u00e9chou\u00e9 \u00e0 judiciariser la responsabilit\u00e9 sociale et environnementale des entreprises\t\t\t<\/a>\n\t\t<\/h3>\n\t\t\t\t\t<div class=\"elementor-post__read-more-wrapper\">\n\t\t\n\t\t<a class=\"elementor-post__read-more\" href=\"https:\/\/actionnairespourleclimat.org\/index.php\/2024\/07\/02\/la-loi-pacte-a-echoue-a-judiciariser-la-responsabilite-sociale-et-environnementale-des-entreprises\/\" aria-label=\"En savoir plus sur La loi Pacte a \u00e9chou\u00e9 \u00e0 judiciariser la responsabilit\u00e9 sociale et environnementale des entreprises\" tabindex=\"-1\" >\n\t\t\tLire la suite \u00bb\t\t<\/a>\n\n\t\t\t\t\t<\/div>\n\t\t\t\t<\/div>\n\t\t\t\t<div class=\"elementor-post__meta-data\">\n\t\t\t\t\t<span class=\"elementor-post-date\">\n\t\t\t2 juillet 2024\t\t<\/span>\n\t\t\t\t<\/div>\n\t\t\t\t\t<\/div>\n\t\t<\/article>\n\t\t\t\t<article class=\"elementor-post elementor-grid-item post-1792 post type-post status-publish format-standard has-post-thumbnail hentry category-non-classe\" role=\"listitem\">\n\t\t\t<div class=\"elementor-post__card\">\n\t\t\t\t<a class=\"elementor-post__thumbnail__link\" href=\"https:\/\/actionnairespourleclimat.org\/index.php\/2024\/01\/03\/comment-un-collectif-dactionnaires-peut-il-engager-des-multinationales-a-prendre-en-compte-les-risques-climatiques\/\" tabindex=\"-1\" ><div class=\"elementor-post__thumbnail\"><img loading=\"lazy\" decoding=\"async\" width=\"288\" height=\"145\" src=\"https:\/\/actionnairespourleclimat.org\/wp-content\/uploads\/2024\/11\/3Image-IAE-Actionnaires-pour-le-climat.png\" class=\"attachment-medium size-medium wp-image-1795\" alt=\"\" \/><\/div><\/a>\n\t\t\t\t<div class=\"elementor-post__text\">\n\t\t\t\t<h3 class=\"elementor-post__title\">\n\t\t\t<a href=\"https:\/\/actionnairespourleclimat.org\/index.php\/2024\/01\/03\/comment-un-collectif-dactionnaires-peut-il-engager-des-multinationales-a-prendre-en-compte-les-risques-climatiques\/\" >\n\t\t\t\tComment un collectif d\u2019actionnaires peut-il engager des multinationales \u00e0 prendre en compte les risques climatiques ?\t\t\t<\/a>\n\t\t<\/h3>\n\t\t\t\t\t<div class=\"elementor-post__read-more-wrapper\">\n\t\t\n\t\t<a class=\"elementor-post__read-more\" href=\"https:\/\/actionnairespourleclimat.org\/index.php\/2024\/01\/03\/comment-un-collectif-dactionnaires-peut-il-engager-des-multinationales-a-prendre-en-compte-les-risques-climatiques\/\" aria-label=\"En savoir plus sur Comment un collectif d\u2019actionnaires peut-il engager des multinationales \u00e0 prendre en compte les risques climatiques ?\" tabindex=\"-1\" >\n\t\t\tLire la suite \u00bb\t\t<\/a>\n\n\t\t\t\t\t<\/div>\n\t\t\t\t<\/div>\n\t\t\t\t<div class=\"elementor-post__meta-data\">\n\t\t\t\t\t<span class=\"elementor-post-date\">\n\t\t\t3 janvier 2024\t\t<\/span>\n\t\t\t\t<\/div>\n\t\t\t\t\t<\/div>\n\t\t<\/article>\n\t\t\t\t<article class=\"elementor-post elementor-grid-item post-1782 post type-post status-publish format-standard has-post-thumbnail hentry category-non-classe\" role=\"listitem\">\n\t\t\t<div class=\"elementor-post__card\">\n\t\t\t\t<a class=\"elementor-post__thumbnail__link\" href=\"https:\/\/actionnairespourleclimat.org\/index.php\/2023\/12\/07\/mise-en-demeure-de-la-stmicroelectronics-sur-le-plan-de-vigilance\/\" tabindex=\"-1\" ><div class=\"elementor-post__thumbnail\"><img loading=\"lazy\" decoding=\"async\" width=\"300\" height=\"268\" src=\"https:\/\/actionnairespourleclimat.org\/wp-content\/uploads\/2024\/11\/2Image-mise-en-demeure-STM-300x268.png\" class=\"attachment-medium size-medium wp-image-1783\" alt=\"\" srcset=\"https:\/\/actionnairespourleclimat.org\/wp-content\/uploads\/2024\/11\/2Image-mise-en-demeure-STM-300x268.png 300w, https:\/\/actionnairespourleclimat.org\/wp-content\/uploads\/2024\/11\/2Image-mise-en-demeure-STM.png 529w\" sizes=\"(max-width: 300px) 100vw, 300px\" \/><\/div><\/a>\n\t\t\t\t<div class=\"elementor-post__text\">\n\t\t\t\t<h3 class=\"elementor-post__title\">\n\t\t\t<a href=\"https:\/\/actionnairespourleclimat.org\/index.php\/2023\/12\/07\/mise-en-demeure-de-la-stmicroelectronics-sur-le-plan-de-vigilance\/\" >\n\t\t\t\tMise en demeure de la STMicroelectronics sur le plan de vigilance\t\t\t<\/a>\n\t\t<\/h3>\n\t\t\t\t\t<div class=\"elementor-post__read-more-wrapper\">\n\t\t\n\t\t<a class=\"elementor-post__read-more\" href=\"https:\/\/actionnairespourleclimat.org\/index.php\/2023\/12\/07\/mise-en-demeure-de-la-stmicroelectronics-sur-le-plan-de-vigilance\/\" aria-label=\"En savoir plus sur Mise en demeure de la STMicroelectronics sur le plan de vigilance\" tabindex=\"-1\" >\n\t\t\tLire la suite \u00bb\t\t<\/a>\n\n\t\t\t\t\t<\/div>\n\t\t\t\t<\/div>\n\t\t\t\t<div class=\"elementor-post__meta-data\">\n\t\t\t\t\t<span class=\"elementor-post-date\">\n\t\t\t7 d\u00e9cembre 2023\t\t<\/span>\n\t\t\t\t<\/div>\n\t\t\t\t\t<\/div>\n\t\t<\/article>\n\t\t\t\t<article class=\"elementor-post elementor-grid-item post-1776 post type-post status-publish format-standard has-post-thumbnail hentry category-non-classe\" role=\"listitem\">\n\t\t\t<div class=\"elementor-post__card\">\n\t\t\t\t<a class=\"elementor-post__thumbnail__link\" href=\"https:\/\/actionnairespourleclimat.org\/index.php\/2023\/11\/27\/dividendes-fictifs-les-directions-financieres-et-les-commissaires-aux-comptes-en-premiere-ligne\/\" tabindex=\"-1\" ><div class=\"elementor-post__thumbnail\"><img loading=\"lazy\" decoding=\"async\" width=\"300\" height=\"167\" src=\"https:\/\/actionnairespourleclimat.org\/wp-content\/uploads\/2024\/11\/1Image-dividendes-fictifs-directions-financiSres-300x167.jpg\" class=\"attachment-medium size-medium wp-image-1777\" alt=\"\" srcset=\"https:\/\/actionnairespourleclimat.org\/wp-content\/uploads\/2024\/11\/1Image-dividendes-fictifs-directions-financiSres-300x167.jpg 300w, https:\/\/actionnairespourleclimat.org\/wp-content\/uploads\/2024\/11\/1Image-dividendes-fictifs-directions-financiSres.jpg 580w\" sizes=\"(max-width: 300px) 100vw, 300px\" \/><\/div><\/a>\n\t\t\t\t<div class=\"elementor-post__text\">\n\t\t\t\t<h3 class=\"elementor-post__title\">\n\t\t\t<a href=\"https:\/\/actionnairespourleclimat.org\/index.php\/2023\/11\/27\/dividendes-fictifs-les-directions-financieres-et-les-commissaires-aux-comptes-en-premiere-ligne\/\" >\n\t\t\t\tDividendes fictifs\u00a0: les directions financi\u00e8res et les commissaires aux comptes en premi\u00e8re ligne\t\t\t<\/a>\n\t\t<\/h3>\n\t\t\t\t\t<div class=\"elementor-post__read-more-wrapper\">\n\t\t\n\t\t<a class=\"elementor-post__read-more\" href=\"https:\/\/actionnairespourleclimat.org\/index.php\/2023\/11\/27\/dividendes-fictifs-les-directions-financieres-et-les-commissaires-aux-comptes-en-premiere-ligne\/\" aria-label=\"En savoir plus sur Dividendes fictifs\u00a0: les directions financi\u00e8res et les commissaires aux comptes en premi\u00e8re ligne\" tabindex=\"-1\" >\n\t\t\tLire la suite \u00bb\t\t<\/a>\n\n\t\t\t\t\t<\/div>\n\t\t\t\t<\/div>\n\t\t\t\t<div class=\"elementor-post__meta-data\">\n\t\t\t\t\t<span class=\"elementor-post-date\">\n\t\t\t27 novembre 2023\t\t<\/span>\n\t\t\t\t<\/div>\n\t\t\t\t\t<\/div>\n\t\t<\/article>\n\t\t\t\t<article class=\"elementor-post elementor-grid-item post-1650 post type-post status-publish format-standard has-post-thumbnail hentry category-non-classe\" role=\"listitem\">\n\t\t\t<div class=\"elementor-post__card\">\n\t\t\t\t<a class=\"elementor-post__thumbnail__link\" href=\"https:\/\/actionnairespourleclimat.org\/index.php\/2023\/10\/01\/stress-test-climatique-du-cac-40\/\" tabindex=\"-1\" ><div class=\"elementor-post__thumbnail\"><img loading=\"lazy\" decoding=\"async\" width=\"300\" height=\"300\" src=\"https:\/\/actionnairespourleclimat.org\/wp-content\/uploads\/2023\/10\/Publi1-image-300x300.jpg\" class=\"attachment-medium size-medium wp-image-183\" alt=\"\" srcset=\"https:\/\/actionnairespourleclimat.org\/wp-content\/uploads\/2023\/10\/Publi1-image-300x300.jpg 300w, https:\/\/actionnairespourleclimat.org\/wp-content\/uploads\/2023\/10\/Publi1-image-150x150.jpg 150w, https:\/\/actionnairespourleclimat.org\/wp-content\/uploads\/2023\/10\/Publi1-image.jpg 720w\" sizes=\"(max-width: 300px) 100vw, 300px\" \/><\/div><\/a>\n\t\t\t\t<div class=\"elementor-post__text\">\n\t\t\t\t<h3 class=\"elementor-post__title\">\n\t\t\t<a href=\"https:\/\/actionnairespourleclimat.org\/index.php\/2023\/10\/01\/stress-test-climatique-du-cac-40\/\" >\n\t\t\t\tStress test climatique du CAC 40\t\t\t<\/a>\n\t\t<\/h3>\n\t\t\t\t\t<div class=\"elementor-post__read-more-wrapper\">\n\t\t\n\t\t<a class=\"elementor-post__read-more\" href=\"https:\/\/actionnairespourleclimat.org\/index.php\/2023\/10\/01\/stress-test-climatique-du-cac-40\/\" aria-label=\"En savoir plus sur Stress test climatique du CAC 40\" tabindex=\"-1\" >\n\t\t\tLire la suite \u00bb\t\t<\/a>\n\n\t\t\t\t\t<\/div>\n\t\t\t\t<\/div>\n\t\t\t\t<div class=\"elementor-post__meta-data\">\n\t\t\t\t\t<span class=\"elementor-post-date\">\n\t\t\t1 octobre 2023\t\t<\/span>\n\t\t\t\t<\/div>\n\t\t\t\t\t<\/div>\n\t\t<\/article>\n\t\t\t\t<article class=\"elementor-post elementor-grid-item post-1683 post type-post status-publish format-standard has-post-thumbnail hentry category-non-classe\" role=\"listitem\">\n\t\t\t<div class=\"elementor-post__card\">\n\t\t\t\t<a class=\"elementor-post__thumbnail__link\" href=\"https:\/\/actionnairespourleclimat.org\/index.php\/2023\/07\/06\/engagement-actionnarial-lassignation-de-totalenergies-par-le-groupement-dactionnaires-metamorphose\/\" tabindex=\"-1\" ><div class=\"elementor-post__thumbnail\"><img loading=\"lazy\" decoding=\"async\" width=\"300\" height=\"170\" src=\"https:\/\/actionnairespourleclimat.org\/wp-content\/uploads\/2023\/10\/Publi2-image-300x170.png\" class=\"attachment-medium size-medium wp-image-203\" alt=\"\" srcset=\"https:\/\/actionnairespourleclimat.org\/wp-content\/uploads\/2023\/10\/Publi2-image-300x170.png 300w, https:\/\/actionnairespourleclimat.org\/wp-content\/uploads\/2023\/10\/Publi2-image.png 400w\" sizes=\"(max-width: 300px) 100vw, 300px\" \/><\/div><\/a>\n\t\t\t\t<div class=\"elementor-post__text\">\n\t\t\t\t<h3 class=\"elementor-post__title\">\n\t\t\t<a href=\"https:\/\/actionnairespourleclimat.org\/index.php\/2023\/07\/06\/engagement-actionnarial-lassignation-de-totalenergies-par-le-groupement-dactionnaires-metamorphose\/\" >\n\t\t\t\tEngagement actionnarial : L&rsquo;assignation de TotalEnergies par le groupement d&rsquo;actionnaires M\u00e9tamorphose\t\t\t<\/a>\n\t\t<\/h3>\n\t\t\t\t\t<div class=\"elementor-post__read-more-wrapper\">\n\t\t\n\t\t<a class=\"elementor-post__read-more\" href=\"https:\/\/actionnairespourleclimat.org\/index.php\/2023\/07\/06\/engagement-actionnarial-lassignation-de-totalenergies-par-le-groupement-dactionnaires-metamorphose\/\" aria-label=\"En savoir plus sur Engagement actionnarial : L&rsquo;assignation de TotalEnergies par le groupement d&rsquo;actionnaires M\u00e9tamorphose\" tabindex=\"-1\" >\n\t\t\tLire la suite \u00bb\t\t<\/a>\n\n\t\t\t\t\t<\/div>\n\t\t\t\t<\/div>\n\t\t\t\t<div class=\"elementor-post__meta-data\">\n\t\t\t\t\t<span class=\"elementor-post-date\">\n\t\t\t6 juillet 2023\t\t<\/span>\n\t\t\t\t<\/div>\n\t\t\t\t\t<\/div>\n\t\t<\/article>\n\t\t\t\t<article class=\"elementor-post elementor-grid-item post-1717 post type-post status-publish format-standard has-post-thumbnail hentry category-non-classe\" role=\"listitem\">\n\t\t\t<div class=\"elementor-post__card\">\n\t\t\t\t<a class=\"elementor-post__thumbnail__link\" href=\"https:\/\/actionnairespourleclimat.org\/index.php\/2023\/07\/01\/tribune-du-monde-du-30-04-2023\/\" tabindex=\"-1\" ><div class=\"elementor-post__thumbnail\"><img loading=\"lazy\" decoding=\"async\" width=\"300\" height=\"150\" src=\"https:\/\/actionnairespourleclimat.org\/wp-content\/uploads\/2023\/10\/Logo-le-monde-300x150.png\" class=\"attachment-medium size-medium wp-image-224\" alt=\"\" srcset=\"https:\/\/actionnairespourleclimat.org\/wp-content\/uploads\/2023\/10\/Logo-le-monde-300x150.png 300w, https:\/\/actionnairespourleclimat.org\/wp-content\/uploads\/2023\/10\/Logo-le-monde-1024x512.png 1024w, https:\/\/actionnairespourleclimat.org\/wp-content\/uploads\/2023\/10\/Logo-le-monde-768x384.png 768w, https:\/\/actionnairespourleclimat.org\/wp-content\/uploads\/2023\/10\/Logo-le-monde.png 1334w\" sizes=\"(max-width: 300px) 100vw, 300px\" \/><\/div><\/a>\n\t\t\t\t<div class=\"elementor-post__text\">\n\t\t\t\t<h3 class=\"elementor-post__title\">\n\t\t\t<a href=\"https:\/\/actionnairespourleclimat.org\/index.php\/2023\/07\/01\/tribune-du-monde-du-30-04-2023\/\" >\n\t\t\t\tTribune du Monde du 30\/04\/2023\t\t\t<\/a>\n\t\t<\/h3>\n\t\t\t\t\t<div class=\"elementor-post__read-more-wrapper\">\n\t\t\n\t\t<a class=\"elementor-post__read-more\" href=\"https:\/\/actionnairespourleclimat.org\/index.php\/2023\/07\/01\/tribune-du-monde-du-30-04-2023\/\" aria-label=\"En savoir plus sur Tribune du Monde du 30\/04\/2023\" tabindex=\"-1\" >\n\t\t\tLire la suite \u00bb\t\t<\/a>\n\n\t\t\t\t\t<\/div>\n\t\t\t\t<\/div>\n\t\t\t\t<div class=\"elementor-post__meta-data\">\n\t\t\t\t\t<span class=\"elementor-post-date\">\n\t\t\t1 juillet 2023\t\t<\/span>\n\t\t\t\t<\/div>\n\t\t\t\t\t<\/div>\n\t\t<\/article>\n\t\t\t\t<article class=\"elementor-post elementor-grid-item post-1692 post type-post status-publish format-standard has-post-thumbnail hentry category-non-classe\" role=\"listitem\">\n\t\t\t<div class=\"elementor-post__card\">\n\t\t\t\t<a class=\"elementor-post__thumbnail__link\" href=\"https:\/\/actionnairespourleclimat.org\/index.php\/2023\/07\/01\/conference-de-presse-du-6-juillet-2023-les-dividendes-fictifs-de-totalenergies\/\" tabindex=\"-1\" ><div class=\"elementor-post__thumbnail\"><img loading=\"lazy\" decoding=\"async\" width=\"300\" height=\"225\" src=\"https:\/\/actionnairespourleclimat.org\/wp-content\/uploads\/2023\/10\/Publi3-image-300x225.jpg\" class=\"attachment-medium size-medium wp-image-213\" alt=\"\" srcset=\"https:\/\/actionnairespourleclimat.org\/wp-content\/uploads\/2023\/10\/Publi3-image-300x225.jpg 300w, https:\/\/actionnairespourleclimat.org\/wp-content\/uploads\/2023\/10\/Publi3-image-1024x768.jpg 1024w, https:\/\/actionnairespourleclimat.org\/wp-content\/uploads\/2023\/10\/Publi3-image-768x576.jpg 768w, https:\/\/actionnairespourleclimat.org\/wp-content\/uploads\/2023\/10\/Publi3-image-1536x1152.jpg 1536w, https:\/\/actionnairespourleclimat.org\/wp-content\/uploads\/2023\/10\/Publi3-image.jpg 1600w\" sizes=\"(max-width: 300px) 100vw, 300px\" \/><\/div><\/a>\n\t\t\t\t<div class=\"elementor-post__text\">\n\t\t\t\t<h3 class=\"elementor-post__title\">\n\t\t\t<a href=\"https:\/\/actionnairespourleclimat.org\/index.php\/2023\/07\/01\/conference-de-presse-du-6-juillet-2023-les-dividendes-fictifs-de-totalenergies\/\" >\n\t\t\t\tConf\u00e9rence de presse du 6 juillet 2023 : Les dividendes fictifs de TotalEnergies\t\t\t<\/a>\n\t\t<\/h3>\n\t\t\t\t\t<div class=\"elementor-post__read-more-wrapper\">\n\t\t\n\t\t<a class=\"elementor-post__read-more\" href=\"https:\/\/actionnairespourleclimat.org\/index.php\/2023\/07\/01\/conference-de-presse-du-6-juillet-2023-les-dividendes-fictifs-de-totalenergies\/\" aria-label=\"En savoir plus sur Conf\u00e9rence de presse du 6 juillet 2023 : Les dividendes fictifs de TotalEnergies\" tabindex=\"-1\" >\n\t\t\tLire la suite \u00bb\t\t<\/a>\n\n\t\t\t\t\t<\/div>\n\t\t\t\t<\/div>\n\t\t\t\t<div class=\"elementor-post__meta-data\">\n\t\t\t\t\t<span class=\"elementor-post-date\">\n\t\t\t1 juillet 2023\t\t<\/span>\n\t\t\t\t<\/div>\n\t\t\t\t\t<\/div>\n\t\t<\/article>\n\t\t\t\t<article class=\"elementor-post elementor-grid-item post-1709 post type-post status-publish format-standard has-post-thumbnail hentry category-non-classe\" role=\"listitem\">\n\t\t\t<div class=\"elementor-post__card\">\n\t\t\t\t<a class=\"elementor-post__thumbnail__link\" href=\"https:\/\/actionnairespourleclimat.org\/index.php\/2023\/05\/01\/tribune-des-echos-du-30-04-2023\/\" tabindex=\"-1\" ><div class=\"elementor-post__thumbnail\"><img loading=\"lazy\" decoding=\"async\" width=\"300\" height=\"160\" src=\"https:\/\/actionnairespourleclimat.org\/wp-content\/uploads\/2023\/10\/Publi5-image-300x160.jpg\" class=\"attachment-medium size-medium wp-image-222\" alt=\"\" srcset=\"https:\/\/actionnairespourleclimat.org\/wp-content\/uploads\/2023\/10\/Publi5-image-300x160.jpg 300w, https:\/\/actionnairespourleclimat.org\/wp-content\/uploads\/2023\/10\/Publi5-image-768x409.jpg 768w, https:\/\/actionnairespourleclimat.org\/wp-content\/uploads\/2023\/10\/Publi5-image.jpg 1000w\" sizes=\"(max-width: 300px) 100vw, 300px\" \/><\/div><\/a>\n\t\t\t\t<div class=\"elementor-post__text\">\n\t\t\t\t<h3 class=\"elementor-post__title\">\n\t\t\t<a href=\"https:\/\/actionnairespourleclimat.org\/index.php\/2023\/05\/01\/tribune-des-echos-du-30-04-2023\/\" >\n\t\t\t\tTribune des Echos du 30\/04\/2023\t\t\t<\/a>\n\t\t<\/h3>\n\t\t\t\t\t<div class=\"elementor-post__read-more-wrapper\">\n\t\t\n\t\t<a class=\"elementor-post__read-more\" href=\"https:\/\/actionnairespourleclimat.org\/index.php\/2023\/05\/01\/tribune-des-echos-du-30-04-2023\/\" aria-label=\"En savoir plus sur Tribune des Echos du 30\/04\/2023\" tabindex=\"-1\" >\n\t\t\tLire la suite \u00bb\t\t<\/a>\n\n\t\t\t\t\t<\/div>\n\t\t\t\t<\/div>\n\t\t\t\t<div class=\"elementor-post__meta-data\">\n\t\t\t\t\t<span class=\"elementor-post-date\">\n\t\t\t1 mai 2023\t\t<\/span>\n\t\t\t\t<\/div>\n\t\t\t\t\t<\/div>\n\t\t<\/article>\n\t\t\t\t<article class=\"elementor-post elementor-grid-item post-1704 post type-post status-publish format-standard has-post-thumbnail hentry category-non-classe\" role=\"listitem\">\n\t\t\t<div class=\"elementor-post__card\">\n\t\t\t\t<a class=\"elementor-post__thumbnail__link\" href=\"https:\/\/actionnairespourleclimat.org\/index.php\/2023\/05\/01\/rendement-financier-ou-habitabilite-de-la-planete-ces-actionnaires-ont-choisi\/\" tabindex=\"-1\" ><div class=\"elementor-post__thumbnail\"><img loading=\"lazy\" decoding=\"async\" width=\"300\" height=\"159\" src=\"https:\/\/actionnairespourleclimat.org\/wp-content\/uploads\/2023\/10\/Alternatives-Economiques-848x450-1-300x159.jpg\" class=\"attachment-medium size-medium wp-image-223\" alt=\"\" srcset=\"https:\/\/actionnairespourleclimat.org\/wp-content\/uploads\/2023\/10\/Alternatives-Economiques-848x450-1-300x159.jpg 300w, https:\/\/actionnairespourleclimat.org\/wp-content\/uploads\/2023\/10\/Alternatives-Economiques-848x450-1-768x408.jpg 768w, https:\/\/actionnairespourleclimat.org\/wp-content\/uploads\/2023\/10\/Alternatives-Economiques-848x450-1.jpg 848w\" sizes=\"(max-width: 300px) 100vw, 300px\" \/><\/div><\/a>\n\t\t\t\t<div class=\"elementor-post__text\">\n\t\t\t\t<h3 class=\"elementor-post__title\">\n\t\t\t<a href=\"https:\/\/actionnairespourleclimat.org\/index.php\/2023\/05\/01\/rendement-financier-ou-habitabilite-de-la-planete-ces-actionnaires-ont-choisi\/\" >\n\t\t\t\tRendement financier ou habitabilit\u00e9 de la plan\u00e8te : ces actionnaires ont choisi\t\t\t<\/a>\n\t\t<\/h3>\n\t\t\t\t\t<div class=\"elementor-post__read-more-wrapper\">\n\t\t\n\t\t<a class=\"elementor-post__read-more\" href=\"https:\/\/actionnairespourleclimat.org\/index.php\/2023\/05\/01\/rendement-financier-ou-habitabilite-de-la-planete-ces-actionnaires-ont-choisi\/\" aria-label=\"En savoir plus sur Rendement financier ou habitabilit\u00e9 de la plan\u00e8te : ces actionnaires ont choisi\" tabindex=\"-1\" >\n\t\t\tLire la suite \u00bb\t\t<\/a>\n\n\t\t\t\t\t<\/div>\n\t\t\t\t<\/div>\n\t\t\t\t<div class=\"elementor-post__meta-data\">\n\t\t\t\t\t<span class=\"elementor-post-date\">\n\t\t\t1 mai 2023\t\t<\/span>\n\t\t\t\t<\/div>\n\t\t\t\t\t<\/div>\n\t\t<\/article>\n\t\t\t\t<\/div>\n\t\t\n\t\t\t\t\t\t<\/div>\n\t\t\t\t<\/div>\n\t\t\t\t\t<\/div>\n\t\t\t\t<\/div>\n\t\t\t\t<\/div>\n\t\t","protected":false},"excerpt":{"rendered":"<p>Publications<\/p>\n","protected":false},"author":1,"featured_media":0,"parent":0,"menu_order":0,"comment_status":"closed","ping_status":"closed","template":"elementor_header_footer","meta":{"footnotes":""},"class_list":["post-1982","page","type-page","status-publish","hentry"],"yoast_head":"<!-- This site is optimized with the Yoast SEO plugin v27.5 - https:\/\/yoast.com\/product\/yoast-seo-wordpress\/ -->\n<title>Publications - Actionnaires pour le climat<\/title>\n<meta name=\"robots\" content=\"index, follow, max-snippet:-1, max-image-preview:large, max-video-preview:-1\" \/>\n<link rel=\"canonical\" href=\"https:\/\/actionnairespourleclimat.org\/index.php\/publications\/\" \/>\n<meta property=\"og:locale\" content=\"fr_FR\" \/>\n<meta property=\"og:type\" content=\"article\" \/>\n<meta property=\"og:title\" content=\"Publications - Actionnaires pour le climat\" \/>\n<meta property=\"og:description\" content=\"Publications\" \/>\n<meta property=\"og:url\" content=\"https:\/\/actionnairespourleclimat.org\/index.php\/publications\/\" \/>\n<meta property=\"og:site_name\" content=\"Actionnaires pour le climat\" \/>\n<meta property=\"article:modified_time\" content=\"2025-09-22T11:42:06+00:00\" \/>\n<meta name=\"twitter:card\" content=\"summary_large_image\" \/>\n<meta name=\"twitter:label1\" content=\"Dur\u00e9e de lecture estim\u00e9e\" \/>\n\t<meta name=\"twitter:data1\" content=\"5 minutes\" \/>\n<script type=\"application\/ld+json\" class=\"yoast-schema-graph\">{\"@context\":\"https:\\\/\\\/schema.org\",\"@graph\":[{\"@type\":\"WebPage\",\"@id\":\"https:\\\/\\\/actionnairespourleclimat.org\\\/index.php\\\/publications\\\/\",\"url\":\"https:\\\/\\\/actionnairespourleclimat.org\\\/index.php\\\/publications\\\/\",\"name\":\"Publications - Actionnaires pour le climat\",\"isPartOf\":{\"@id\":\"https:\\\/\\\/actionnairespourleclimat.org\\\/#website\"},\"datePublished\":\"2025-09-22T11:24:36+00:00\",\"dateModified\":\"2025-09-22T11:42:06+00:00\",\"breadcrumb\":{\"@id\":\"https:\\\/\\\/actionnairespourleclimat.org\\\/index.php\\\/publications\\\/#breadcrumb\"},\"inLanguage\":\"fr-FR\",\"potentialAction\":[{\"@type\":\"ReadAction\",\"target\":[\"https:\\\/\\\/actionnairespourleclimat.org\\\/index.php\\\/publications\\\/\"]}]},{\"@type\":\"BreadcrumbList\",\"@id\":\"https:\\\/\\\/actionnairespourleclimat.org\\\/index.php\\\/publications\\\/#breadcrumb\",\"itemListElement\":[{\"@type\":\"ListItem\",\"position\":1,\"name\":\"Accueil\",\"item\":\"https:\\\/\\\/actionnairespourleclimat.org\\\/\"},{\"@type\":\"ListItem\",\"position\":2,\"name\":\"Publications\"}]},{\"@type\":\"WebSite\",\"@id\":\"https:\\\/\\\/actionnairespourleclimat.org\\\/#website\",\"url\":\"https:\\\/\\\/actionnairespourleclimat.org\\\/\",\"name\":\"Actionnaires pour le climat\",\"description\":\"L\u2019engagement actionnarial, un levier essentiel de la transition \u00e9cologique des entreprises\",\"publisher\":{\"@id\":\"https:\\\/\\\/actionnairespourleclimat.org\\\/#organization\"},\"potentialAction\":[{\"@type\":\"SearchAction\",\"target\":{\"@type\":\"EntryPoint\",\"urlTemplate\":\"https:\\\/\\\/actionnairespourleclimat.org\\\/?s={search_term_string}\"},\"query-input\":{\"@type\":\"PropertyValueSpecification\",\"valueRequired\":true,\"valueName\":\"search_term_string\"}}],\"inLanguage\":\"fr-FR\"},{\"@type\":\"Organization\",\"@id\":\"https:\\\/\\\/actionnairespourleclimat.org\\\/#organization\",\"name\":\"Actionnaires pour le climat\",\"url\":\"https:\\\/\\\/actionnairespourleclimat.org\\\/\",\"logo\":{\"@type\":\"ImageObject\",\"inLanguage\":\"fr-FR\",\"@id\":\"https:\\\/\\\/actionnairespourleclimat.org\\\/#\\\/schema\\\/logo\\\/image\\\/\",\"url\":\"https:\\\/\\\/actionnairespourleclimat.org\\\/wp-content\\\/uploads\\\/2023\\\/10\\\/Logo-APLC-V3.png\",\"contentUrl\":\"https:\\\/\\\/actionnairespourleclimat.org\\\/wp-content\\\/uploads\\\/2023\\\/10\\\/Logo-APLC-V3.png\",\"width\":1747,\"height\":776,\"caption\":\"Actionnaires pour le climat\"},\"image\":{\"@id\":\"https:\\\/\\\/actionnairespourleclimat.org\\\/#\\\/schema\\\/logo\\\/image\\\/\"}}]}<\/script>\n<!-- \/ Yoast SEO plugin. -->","yoast_head_json":{"title":"Publications - Actionnaires pour le climat","robots":{"index":"index","follow":"follow","max-snippet":"max-snippet:-1","max-image-preview":"max-image-preview:large","max-video-preview":"max-video-preview:-1"},"canonical":"https:\/\/actionnairespourleclimat.org\/index.php\/publications\/","og_locale":"fr_FR","og_type":"article","og_title":"Publications - Actionnaires pour le climat","og_description":"Publications","og_url":"https:\/\/actionnairespourleclimat.org\/index.php\/publications\/","og_site_name":"Actionnaires pour le climat","article_modified_time":"2025-09-22T11:42:06+00:00","twitter_card":"summary_large_image","twitter_misc":{"Dur\u00e9e de lecture estim\u00e9e":"5 minutes"},"schema":{"@context":"https:\/\/schema.org","@graph":[{"@type":"WebPage","@id":"https:\/\/actionnairespourleclimat.org\/index.php\/publications\/","url":"https:\/\/actionnairespourleclimat.org\/index.php\/publications\/","name":"Publications - Actionnaires pour le climat","isPartOf":{"@id":"https:\/\/actionnairespourleclimat.org\/#website"},"datePublished":"2025-09-22T11:24:36+00:00","dateModified":"2025-09-22T11:42:06+00:00","breadcrumb":{"@id":"https:\/\/actionnairespourleclimat.org\/index.php\/publications\/#breadcrumb"},"inLanguage":"fr-FR","potentialAction":[{"@type":"ReadAction","target":["https:\/\/actionnairespourleclimat.org\/index.php\/publications\/"]}]},{"@type":"BreadcrumbList","@id":"https:\/\/actionnairespourleclimat.org\/index.php\/publications\/#breadcrumb","itemListElement":[{"@type":"ListItem","position":1,"name":"Accueil","item":"https:\/\/actionnairespourleclimat.org\/"},{"@type":"ListItem","position":2,"name":"Publications"}]},{"@type":"WebSite","@id":"https:\/\/actionnairespourleclimat.org\/#website","url":"https:\/\/actionnairespourleclimat.org\/","name":"Actionnaires pour le climat","description":"L\u2019engagement actionnarial, un levier essentiel de la transition \u00e9cologique des entreprises","publisher":{"@id":"https:\/\/actionnairespourleclimat.org\/#organization"},"potentialAction":[{"@type":"SearchAction","target":{"@type":"EntryPoint","urlTemplate":"https:\/\/actionnairespourleclimat.org\/?s={search_term_string}"},"query-input":{"@type":"PropertyValueSpecification","valueRequired":true,"valueName":"search_term_string"}}],"inLanguage":"fr-FR"},{"@type":"Organization","@id":"https:\/\/actionnairespourleclimat.org\/#organization","name":"Actionnaires pour le climat","url":"https:\/\/actionnairespourleclimat.org\/","logo":{"@type":"ImageObject","inLanguage":"fr-FR","@id":"https:\/\/actionnairespourleclimat.org\/#\/schema\/logo\/image\/","url":"https:\/\/actionnairespourleclimat.org\/wp-content\/uploads\/2023\/10\/Logo-APLC-V3.png","contentUrl":"https:\/\/actionnairespourleclimat.org\/wp-content\/uploads\/2023\/10\/Logo-APLC-V3.png","width":1747,"height":776,"caption":"Actionnaires pour le climat"},"image":{"@id":"https:\/\/actionnairespourleclimat.org\/#\/schema\/logo\/image\/"}}]}},"_links":{"self":[{"href":"https:\/\/actionnairespourleclimat.org\/index.php\/wp-json\/wp\/v2\/pages\/1982","targetHints":{"allow":["GET"]}}],"collection":[{"href":"https:\/\/actionnairespourleclimat.org\/index.php\/wp-json\/wp\/v2\/pages"}],"about":[{"href":"https:\/\/actionnairespourleclimat.org\/index.php\/wp-json\/wp\/v2\/types\/page"}],"author":[{"embeddable":true,"href":"https:\/\/actionnairespourleclimat.org\/index.php\/wp-json\/wp\/v2\/users\/1"}],"replies":[{"embeddable":true,"href":"https:\/\/actionnairespourleclimat.org\/index.php\/wp-json\/wp\/v2\/comments?post=1982"}],"version-history":[{"count":25,"href":"https:\/\/actionnairespourleclimat.org\/index.php\/wp-json\/wp\/v2\/pages\/1982\/revisions"}],"predecessor-version":[{"id":2009,"href":"https:\/\/actionnairespourleclimat.org\/index.php\/wp-json\/wp\/v2\/pages\/1982\/revisions\/2009"}],"wp:attachment":[{"href":"https:\/\/actionnairespourleclimat.org\/index.php\/wp-json\/wp\/v2\/media?parent=1982"}],"curies":[{"name":"wp","href":"https:\/\/api.w.org\/{rel}","templated":true}]}}