{"id":15,"date":"2023-10-13T15:00:57","date_gmt":"2023-10-13T13:00:57","guid":{"rendered":"https:\/\/actionnairespourleclimat.org\/?page_id=15"},"modified":"2023-12-13T12:00:40","modified_gmt":"2023-12-13T11:00:40","slug":"nous-connaitre","status":"publish","type":"page","link":"https:\/\/actionnairespourleclimat.org\/index.php\/nous-connaitre\/","title":{"rendered":"Nous conna\u00eetre"},"content":{"rendered":"\t\t<div data-elementor-type=\"wp-page\" data-elementor-id=\"15\" class=\"elementor elementor-15\" data-elementor-post-type=\"page\">\n\t\t\t\t<div class=\"elementor-element elementor-element-b0ff8cf e-con-full e-flex e-con e-parent\" data-id=\"b0ff8cf\" data-element_type=\"container\" data-e-type=\"container\">\n\t\t<div class=\"elementor-element elementor-element-2f16775 e-con-full e-flex e-con e-child\" data-id=\"2f16775\" data-element_type=\"container\" data-e-type=\"container\" data-settings=\"{&quot;background_background&quot;:&quot;gradient&quot;,&quot;shape_divider_top&quot;:&quot;opacity-tilt&quot;,&quot;shape_divider_bottom&quot;:&quot;opacity-tilt&quot;}\">\n\t\t\t\t<div class=\"elementor-shape elementor-shape-top\" aria-hidden=\"true\" data-negative=\"false\">\n\t\t\t<svg xmlns=\"http:\/\/www.w3.org\/2000\/svg\" viewBox=\"0 0 2600 131.1\" preserveAspectRatio=\"none\">\n\t<path class=\"elementor-shape-fill\" d=\"M0 0L2600 0 2600 69.1 0 0z\"\/>\n\t<path class=\"elementor-shape-fill\" style=\"opacity:0.5\" d=\"M0 0L2600 0 2600 69.1 0 69.1z\"\/>\n\t<path class=\"elementor-shape-fill\" style=\"opacity:0.25\" d=\"M2600 0L0 0 0 130.1 2600 69.1z\"\/>\n<\/svg>\t\t<\/div>\n\t\t\t\t<div class=\"elementor-shape elementor-shape-bottom\" aria-hidden=\"true\" data-negative=\"false\">\n\t\t\t<svg xmlns=\"http:\/\/www.w3.org\/2000\/svg\" viewBox=\"0 0 2600 131.1\" preserveAspectRatio=\"none\">\n\t<path class=\"elementor-shape-fill\" d=\"M0 0L2600 0 2600 69.1 0 0z\"\/>\n\t<path class=\"elementor-shape-fill\" style=\"opacity:0.5\" d=\"M0 0L2600 0 2600 69.1 0 69.1z\"\/>\n\t<path class=\"elementor-shape-fill\" style=\"opacity:0.25\" d=\"M2600 0L0 0 0 130.1 2600 69.1z\"\/>\n<\/svg>\t\t<\/div>\n\t\t\t\t<div class=\"elementor-element elementor-element-fef675a elementor-widget elementor-widget-heading\" data-id=\"fef675a\" data-element_type=\"widget\" data-e-type=\"widget\" data-widget_type=\"heading.default\">\n\t\t\t\t<div class=\"elementor-widget-container\">\n\t\t\t\t\t<h2 class=\"elementor-heading-title elementor-size-default\">L'\u00e9quipe<\/h2>\t\t\t\t<\/div>\n\t\t\t\t<\/div>\n\t\t\t\t<\/div>\n\t\t\t\t<\/div>\n\t\t<div class=\"elementor-element elementor-element-08a579e e-flex e-con-boxed e-con e-parent\" data-id=\"08a579e\" data-element_type=\"container\" data-e-type=\"container\">\n\t\t\t\t\t<div class=\"e-con-inner\">\n\t\t<div class=\"elementor-element elementor-element-ab8a4f5 e-con-full e-flex e-con e-child\" data-id=\"ab8a4f5\" data-element_type=\"container\" data-e-type=\"container\" data-settings=\"{&quot;background_background&quot;:&quot;classic&quot;}\">\n\t\t\t\t<div class=\"elementor-element elementor-element-948d008 elementor-widget elementor-widget-image\" data-id=\"948d008\" data-element_type=\"widget\" data-e-type=\"widget\" data-widget_type=\"image.default\">\n\t\t\t\t<div class=\"elementor-widget-container\">\n\t\t\t\t\t\t\t\t\t\t\t\t\t\t\t<img fetchpriority=\"high\" decoding=\"async\" width=\"300\" height=\"300\" src=\"https:\/\/actionnairespourleclimat.org\/wp-content\/uploads\/2023\/10\/Photo111-300x300.png\" class=\"attachment-medium size-medium wp-image-440\" alt=\"\" srcset=\"https:\/\/actionnairespourleclimat.org\/wp-content\/uploads\/2023\/10\/Photo111-300x300.png 300w, https:\/\/actionnairespourleclimat.org\/wp-content\/uploads\/2023\/10\/Photo111-150x150.png 150w, https:\/\/actionnairespourleclimat.org\/wp-content\/uploads\/2023\/10\/elementor\/thumbs\/Photo111-qe4mknnmmdx8ibdxq1ggfp12uaay2aprnrx6bl6w9c.png 200w, https:\/\/actionnairespourleclimat.org\/wp-content\/uploads\/2023\/10\/elementor\/thumbs\/Photo111-qe4mknnlej4swb87b4labm6psy3beji1rzc066po88.png 100w, https:\/\/actionnairespourleclimat.org\/wp-content\/uploads\/2023\/10\/Photo111.png 614w\" sizes=\"(max-width: 300px) 100vw, 300px\" \/>\t\t\t\t\t\t\t\t\t\t\t\t\t\t\t<\/div>\n\t\t\t\t<\/div>\n\t\t\t\t<div class=\"elementor-element elementor-element-3b7a121 elementor-widget elementor-widget-heading\" data-id=\"3b7a121\" data-element_type=\"widget\" data-e-type=\"widget\" data-widget_type=\"heading.default\">\n\t\t\t\t<div class=\"elementor-widget-container\">\n\t\t\t\t\t<h2 class=\"elementor-heading-title elementor-size-default\">Jean-Louis VIRAT<\/h2>\t\t\t\t<\/div>\n\t\t\t\t<\/div>\n\t\t\t\t<div class=\"elementor-element elementor-element-e959906 elementor-widget elementor-widget-heading\" data-id=\"e959906\" data-element_type=\"widget\" data-e-type=\"widget\" data-widget_type=\"heading.default\">\n\t\t\t\t<div class=\"elementor-widget-container\">\n\t\t\t\t\t<h2 class=\"elementor-heading-title elementor-size-default\">Expert comptable<\/h2>\t\t\t\t<\/div>\n\t\t\t\t<\/div>\n\t\t\t\t<div class=\"elementor-element elementor-element-9bb561d elementor-widget elementor-widget-text-editor\" data-id=\"9bb561d\" data-element_type=\"widget\" data-e-type=\"widget\" data-widget_type=\"text-editor.default\">\n\t\t\t\t<div class=\"elementor-widget-container\">\n\t\t\t\t\t\t\t\t\t<p>Actionnaire pour le climat<\/p>\t\t\t\t\t\t\t\t<\/div>\n\t\t\t\t<\/div>\n\t\t\t\t<\/div>\n\t\t<div class=\"elementor-element elementor-element-e6d640f e-con-full e-flex e-con e-child\" data-id=\"e6d640f\" data-element_type=\"container\" data-e-type=\"container\" data-settings=\"{&quot;background_background&quot;:&quot;gradient&quot;}\">\n\t\t\t\t<div class=\"elementor-element elementor-element-328c013 elementor-widget elementor-widget-image\" data-id=\"328c013\" data-element_type=\"widget\" data-e-type=\"widget\" data-widget_type=\"image.default\">\n\t\t\t\t<div class=\"elementor-widget-container\">\n\t\t\t\t\t\t\t\t\t\t\t\t\t\t\t<img decoding=\"async\" width=\"300\" height=\"298\" src=\"https:\/\/actionnairespourleclimat.org\/wp-content\/uploads\/2023\/10\/Photo-Nicolas-Praquin-1-300x298.jpg\" class=\"attachment-medium size-medium wp-image-376\" alt=\"\" srcset=\"https:\/\/actionnairespourleclimat.org\/wp-content\/uploads\/2023\/10\/Photo-Nicolas-Praquin-1-300x298.jpg 300w, https:\/\/actionnairespourleclimat.org\/wp-content\/uploads\/2023\/10\/Photo-Nicolas-Praquin-1-150x150.jpg 150w, https:\/\/actionnairespourleclimat.org\/wp-content\/uploads\/2023\/10\/elementor\/thumbs\/Photo-Nicolas-Praquin-1-qdzgz9773bl6a8hueyuduq1wgq2y7c0j1wp2n3rsuo.jpg 200w, https:\/\/actionnairespourleclimat.org\/wp-content\/uploads\/2023\/10\/elementor\/thumbs\/Photo-Nicolas-Praquin-1-qdzgz975vgsqo8c401z7qn7jfdvbjkst643whpaktk.jpg 100w, https:\/\/actionnairespourleclimat.org\/wp-content\/uploads\/2023\/10\/Photo-Nicolas-Praquin-1.jpg 562w\" sizes=\"(max-width: 300px) 100vw, 300px\" \/>\t\t\t\t\t\t\t\t\t\t\t\t\t\t\t<\/div>\n\t\t\t\t<\/div>\n\t\t\t\t<div class=\"elementor-element elementor-element-c61ffbb elementor-widget elementor-widget-heading\" data-id=\"c61ffbb\" data-element_type=\"widget\" data-e-type=\"widget\" data-widget_type=\"heading.default\">\n\t\t\t\t<div class=\"elementor-widget-container\">\n\t\t\t\t\t<h2 class=\"elementor-heading-title elementor-size-default\">Nicolas PRAQUIN<\/h2>\t\t\t\t<\/div>\n\t\t\t\t<\/div>\n\t\t\t\t<div class=\"elementor-element elementor-element-f46ed29 elementor-widget elementor-widget-heading\" data-id=\"f46ed29\" data-element_type=\"widget\" data-e-type=\"widget\" data-widget_type=\"heading.default\">\n\t\t\t\t<div class=\"elementor-widget-container\">\n\t\t\t\t\t<h2 class=\"elementor-heading-title elementor-size-default\">Professeur des universit\u00e9s \u00e0 l'universit\u00e9 Paris Saclay<\/h2>\t\t\t\t<\/div>\n\t\t\t\t<\/div>\n\t\t\t\t<div class=\"elementor-element elementor-element-4dd98f8 elementor-widget elementor-widget-text-editor\" data-id=\"4dd98f8\" data-element_type=\"widget\" data-e-type=\"widget\" data-widget_type=\"text-editor.default\">\n\t\t\t\t<div class=\"elementor-widget-container\">\n\t\t\t\t\t\t\t\t\t<p>Expert comptable<\/p>\t\t\t\t\t\t\t\t<\/div>\n\t\t\t\t<\/div>\n\t\t\t\t<\/div>\n\t\t<div class=\"elementor-element elementor-element-203216d e-con-full e-flex e-con e-child\" data-id=\"203216d\" data-element_type=\"container\" data-e-type=\"container\" data-settings=\"{&quot;background_background&quot;:&quot;classic&quot;}\">\n\t\t\t\t<div class=\"elementor-element elementor-element-94d158d elementor-widget elementor-widget-image\" data-id=\"94d158d\" data-element_type=\"widget\" data-e-type=\"widget\" data-widget_type=\"image.default\">\n\t\t\t\t<div class=\"elementor-widget-container\">\n\t\t\t\t\t\t\t\t\t\t\t\t\t\t\t<img decoding=\"async\" width=\"300\" height=\"300\" src=\"https:\/\/actionnairespourleclimat.org\/wp-content\/uploads\/2023\/10\/Photo-Marielle-Mathieu-1-300x300.jpg\" class=\"attachment-medium size-medium wp-image-374\" alt=\"\" srcset=\"https:\/\/actionnairespourleclimat.org\/wp-content\/uploads\/2023\/10\/Photo-Marielle-Mathieu-1-300x300.jpg 300w, https:\/\/actionnairespourleclimat.org\/wp-content\/uploads\/2023\/10\/Photo-Marielle-Mathieu-1-150x150.jpg 150w, https:\/\/actionnairespourleclimat.org\/wp-content\/uploads\/2023\/10\/elementor\/thumbs\/Photo-Marielle-Mathieu-1-qdzgz7bipniln0kkpy14pqiz9yc7rxt2dne3ojul74.jpg 200w, https:\/\/actionnairespourleclimat.org\/wp-content\/uploads\/2023\/10\/elementor\/thumbs\/Photo-Marielle-Mathieu-1-qdzgz7bhhsq610eub15ylnom8m4l46lchusxj5dd60.jpg 100w, https:\/\/actionnairespourleclimat.org\/wp-content\/uploads\/2023\/10\/Photo-Marielle-Mathieu-1.jpg 600w\" sizes=\"(max-width: 300px) 100vw, 300px\" \/>\t\t\t\t\t\t\t\t\t\t\t\t\t\t\t<\/div>\n\t\t\t\t<\/div>\n\t\t\t\t<div class=\"elementor-element elementor-element-e0fde61 elementor-widget elementor-widget-heading\" data-id=\"e0fde61\" data-element_type=\"widget\" data-e-type=\"widget\" data-widget_type=\"heading.default\">\n\t\t\t\t<div class=\"elementor-widget-container\">\n\t\t\t\t\t<h2 class=\"elementor-heading-title elementor-size-default\">Marielle MATHIEU<\/h2>\t\t\t\t<\/div>\n\t\t\t\t<\/div>\n\t\t\t\t<div class=\"elementor-element elementor-element-daf58ec elementor-widget elementor-widget-heading\" data-id=\"daf58ec\" data-element_type=\"widget\" data-e-type=\"widget\" data-widget_type=\"heading.default\">\n\t\t\t\t<div class=\"elementor-widget-container\">\n\t\t\t\t\t<h2 class=\"elementor-heading-title elementor-size-default\">17 ans d'audit l\u00e9gal<\/h2>\t\t\t\t<\/div>\n\t\t\t\t<\/div>\n\t\t\t\t<div class=\"elementor-element elementor-element-2b12831 elementor-widget elementor-widget-text-editor\" data-id=\"2b12831\" data-element_type=\"widget\" data-e-type=\"widget\" data-widget_type=\"text-editor.default\">\n\t\t\t\t<div class=\"elementor-widget-container\">\n\t\t\t\t\t\t\t\t\t<p>Diplom\u00e9e expertise comptable &#8211; Co-fondatrice de la m\u00e9thode SeMA<\/p>\t\t\t\t\t\t\t\t<\/div>\n\t\t\t\t<\/div>\n\t\t\t\t<\/div>\n\t\t<div class=\"elementor-element elementor-element-b7b47aa e-con-full e-flex e-con e-child\" data-id=\"b7b47aa\" data-element_type=\"container\" data-e-type=\"container\" data-settings=\"{&quot;background_background&quot;:&quot;gradient&quot;}\">\n\t\t\t\t<div class=\"elementor-element elementor-element-2289402 elementor-widget elementor-widget-image\" data-id=\"2289402\" data-element_type=\"widget\" data-e-type=\"widget\" data-widget_type=\"image.default\">\n\t\t\t\t<div class=\"elementor-widget-container\">\n\t\t\t\t\t\t\t\t\t\t\t\t\t\t\t<img loading=\"lazy\" decoding=\"async\" width=\"238\" height=\"238\" src=\"https:\/\/actionnairespourleclimat.org\/wp-content\/uploads\/2023\/10\/Photo-Pascal-Petit-1.jpg\" class=\"attachment-medium size-medium wp-image-377\" alt=\"\" srcset=\"https:\/\/actionnairespourleclimat.org\/wp-content\/uploads\/2023\/10\/Photo-Pascal-Petit-1.jpg 238w, https:\/\/actionnairespourleclimat.org\/wp-content\/uploads\/2023\/10\/Photo-Pascal-Petit-1-150x150.jpg 150w, https:\/\/actionnairespourleclimat.org\/wp-content\/uploads\/2023\/10\/elementor\/thumbs\/Photo-Pascal-Petit-1-qdzgz9773bl6a8hueyuduq1wgq2y7c0j1wp2n3rsuo.jpg 200w, https:\/\/actionnairespourleclimat.org\/wp-content\/uploads\/2023\/10\/elementor\/thumbs\/Photo-Pascal-Petit-1-qdzgz975vgsqo8c401z7qn7jfdvbjkst643whpaktk.jpg 100w\" sizes=\"(max-width: 238px) 100vw, 238px\" \/>\t\t\t\t\t\t\t\t\t\t\t\t\t\t\t<\/div>\n\t\t\t\t<\/div>\n\t\t\t\t<div class=\"elementor-element elementor-element-3e708e0 elementor-widget elementor-widget-heading\" data-id=\"3e708e0\" data-element_type=\"widget\" data-e-type=\"widget\" data-widget_type=\"heading.default\">\n\t\t\t\t<div class=\"elementor-widget-container\">\n\t\t\t\t\t<h2 class=\"elementor-heading-title elementor-size-default\">Pascal PETIT<\/h2>\t\t\t\t<\/div>\n\t\t\t\t<\/div>\n\t\t\t\t<div class=\"elementor-element elementor-element-886c33e elementor-widget elementor-widget-heading\" data-id=\"886c33e\" data-element_type=\"widget\" data-e-type=\"widget\" data-widget_type=\"heading.default\">\n\t\t\t\t<div class=\"elementor-widget-container\">\n\t\t\t\t\t<h2 class=\"elementor-heading-title elementor-size-default\">Directeur de recherche en \u00e9conomie CNRS<\/h2>\t\t\t\t<\/div>\n\t\t\t\t<\/div>\n\t\t\t\t<div class=\"elementor-element elementor-element-2e65740 elementor-widget elementor-widget-text-editor\" data-id=\"2e65740\" data-element_type=\"widget\" data-e-type=\"widget\" data-widget_type=\"text-editor.default\">\n\t\t\t\t<div class=\"elementor-widget-container\">\n\t\t\t\t\t\t\t\t\t<p>Em\u00e9rite &#8211; associ\u00e9 M\u00e9tamorphose<\/p>\t\t\t\t\t\t\t\t<\/div>\n\t\t\t\t<\/div>\n\t\t\t\t<\/div>\n\t\t<div class=\"elementor-element elementor-element-18186b0 e-con-full e-flex e-con e-child\" data-id=\"18186b0\" data-element_type=\"container\" data-e-type=\"container\" data-settings=\"{&quot;background_background&quot;:&quot;classic&quot;}\">\n\t\t\t\t<div class=\"elementor-element elementor-element-7e9e6f5 elementor-widget elementor-widget-image\" data-id=\"7e9e6f5\" data-element_type=\"widget\" data-e-type=\"widget\" data-widget_type=\"image.default\">\n\t\t\t\t<div class=\"elementor-widget-container\">\n\t\t\t\t\t\t\t\t\t\t\t\t\t\t\t<img loading=\"lazy\" decoding=\"async\" width=\"300\" height=\"300\" src=\"https:\/\/actionnairespourleclimat.org\/wp-content\/uploads\/2023\/10\/Photo-muttiah-yogananthan-1-300x300.jpg\" class=\"attachment-medium size-medium wp-image-375\" alt=\"\" srcset=\"https:\/\/actionnairespourleclimat.org\/wp-content\/uploads\/2023\/10\/Photo-muttiah-yogananthan-1-300x300.jpg 300w, https:\/\/actionnairespourleclimat.org\/wp-content\/uploads\/2023\/10\/Photo-muttiah-yogananthan-1-150x150.jpg 150w, https:\/\/actionnairespourleclimat.org\/wp-content\/uploads\/2023\/10\/elementor\/thumbs\/Photo-muttiah-yogananthan-1-qdzgz89cwhjvymj7kgfra8afvc7kzmwsps1l5tt70w.jpg 200w, https:\/\/actionnairespourleclimat.org\/wp-content\/uploads\/2023\/10\/elementor\/thumbs\/Photo-muttiah-yogananthan-1-qdzgz89bomrgcmdh5jkl65g2tzzybvp2tzgf0fbyzs.jpg 100w, https:\/\/actionnairespourleclimat.org\/wp-content\/uploads\/2023\/10\/Photo-muttiah-yogananthan-1.jpg 458w\" sizes=\"(max-width: 300px) 100vw, 300px\" \/>\t\t\t\t\t\t\t\t\t\t\t\t\t\t\t<\/div>\n\t\t\t\t<\/div>\n\t\t\t\t<div class=\"elementor-element elementor-element-6f48624 elementor-widget elementor-widget-heading\" data-id=\"6f48624\" data-element_type=\"widget\" data-e-type=\"widget\" data-widget_type=\"heading.default\">\n\t\t\t\t<div class=\"elementor-widget-container\">\n\t\t\t\t\t<h2 class=\"elementor-heading-title elementor-size-default\">Muttiah YOGANANTHAN<\/h2>\t\t\t\t<\/div>\n\t\t\t\t<\/div>\n\t\t\t\t<div class=\"elementor-element elementor-element-9df1749 elementor-widget elementor-widget-heading\" data-id=\"9df1749\" data-element_type=\"widget\" data-e-type=\"widget\" data-widget_type=\"heading.default\">\n\t\t\t\t<div class=\"elementor-widget-container\">\n\t\t\t\t\t<h2 class=\"elementor-heading-title elementor-size-default\">Ancien responsable des normes professionnelles de l'ordre des experts comptables<\/h2>\t\t\t\t<\/div>\n\t\t\t\t<\/div>\n\t\t\t\t<div class=\"elementor-element elementor-element-095c15f elementor-widget elementor-widget-text-editor\" data-id=\"095c15f\" data-element_type=\"widget\" data-e-type=\"widget\" data-widget_type=\"text-editor.default\">\n\t\t\t\t<div class=\"elementor-widget-container\">\n\t\t\t\t\t\t\t\t\t<p>G\u00e9rant-fondateur &#8211; coop\u00e9rative M\u00e9tamorphose<\/p>\t\t\t\t\t\t\t\t<\/div>\n\t\t\t\t<\/div>\n\t\t\t\t<\/div>\n\t\t\t\t\t<\/div>\n\t\t\t\t<\/div>\n\t\t<div class=\"elementor-element elementor-element-2fc261f e-flex e-con-boxed e-con e-parent\" data-id=\"2fc261f\" data-element_type=\"container\" data-e-type=\"container\" data-settings=\"{&quot;background_background&quot;:&quot;slideshow&quot;,&quot;background_slideshow_gallery&quot;:[],&quot;background_slideshow_loop&quot;:&quot;yes&quot;,&quot;background_slideshow_slide_duration&quot;:5000,&quot;background_slideshow_slide_transition&quot;:&quot;fade&quot;,&quot;background_slideshow_transition_duration&quot;:500}\">\n\t\t\t\t\t<div class=\"e-con-inner\">\n\t\t<div class=\"elementor-element elementor-element-8fb496a e-con-full e-flex e-con e-child\" data-id=\"8fb496a\" data-element_type=\"container\" data-e-type=\"container\" data-settings=\"{&quot;background_background&quot;:&quot;gradient&quot;}\">\n\t\t\t\t<div class=\"elementor-element elementor-element-2c7f1e8 elementor-widget elementor-widget-image\" data-id=\"2c7f1e8\" data-element_type=\"widget\" data-e-type=\"widget\" data-widget_type=\"image.default\">\n\t\t\t\t<div class=\"elementor-widget-container\">\n\t\t\t\t\t\t\t\t\t\t\t\t\t\t\t<img loading=\"lazy\" decoding=\"async\" width=\"250\" height=\"250\" src=\"https:\/\/actionnairespourleclimat.org\/wp-content\/uploads\/2023\/10\/Photo-Valerie-Guilhen-1.jpg\" class=\"attachment-medium size-medium wp-image-379\" alt=\"\" srcset=\"https:\/\/actionnairespourleclimat.org\/wp-content\/uploads\/2023\/10\/Photo-Valerie-Guilhen-1.jpg 250w, https:\/\/actionnairespourleclimat.org\/wp-content\/uploads\/2023\/10\/Photo-Valerie-Guilhen-1-150x150.jpg 150w, https:\/\/actionnairespourleclimat.org\/wp-content\/uploads\/2023\/10\/elementor\/thumbs\/Photo-Valerie-Guilhen-1-qdzgzb2vgznqxgf43znmzpktnhtomq7zq601lnp0i8.jpg 200w, https:\/\/actionnairespourleclimat.org\/wp-content\/uploads\/2023\/10\/elementor\/thumbs\/Photo-Valerie-Guilhen-1-qdzgzb2u94vbbg9dp2sgvmqgm5m1yz09udevg97sh4.jpg 100w\" sizes=\"(max-width: 250px) 100vw, 250px\" \/>\t\t\t\t\t\t\t\t\t\t\t\t\t\t\t<\/div>\n\t\t\t\t<\/div>\n\t\t\t\t<div class=\"elementor-element elementor-element-66a96ce elementor-widget elementor-widget-heading\" data-id=\"66a96ce\" data-element_type=\"widget\" data-e-type=\"widget\" data-widget_type=\"heading.default\">\n\t\t\t\t<div class=\"elementor-widget-container\">\n\t\t\t\t\t<h2 class=\"elementor-heading-title elementor-size-default\">Val\u00e9rie GUILHEN<\/h2>\t\t\t\t<\/div>\n\t\t\t\t<\/div>\n\t\t\t\t<div class=\"elementor-element elementor-element-ec7862f elementor-widget elementor-widget-heading\" data-id=\"ec7862f\" data-element_type=\"widget\" data-e-type=\"widget\" data-widget_type=\"heading.default\">\n\t\t\t\t<div class=\"elementor-widget-container\">\n\t\t\t\t\t<h2 class=\"elementor-heading-title elementor-size-default\">Consultante<\/h2>\t\t\t\t<\/div>\n\t\t\t\t<\/div>\n\t\t\t\t<div class=\"elementor-element elementor-element-f136169 elementor-widget elementor-widget-text-editor\" data-id=\"f136169\" data-element_type=\"widget\" data-e-type=\"widget\" data-widget_type=\"text-editor.default\">\n\t\t\t\t<div class=\"elementor-widget-container\">\n\t\t\t\t\t\t\t\t\t<p>Associ\u00e9e M\u00e9tamorphose<\/p>\t\t\t\t\t\t\t\t<\/div>\n\t\t\t\t<\/div>\n\t\t\t\t<\/div>\n\t\t<div class=\"elementor-element elementor-element-675d306 e-con-full e-flex e-con e-child\" data-id=\"675d306\" data-element_type=\"container\" data-e-type=\"container\" data-settings=\"{&quot;background_background&quot;:&quot;slideshow&quot;,&quot;background_slideshow_gallery&quot;:[],&quot;background_slideshow_loop&quot;:&quot;yes&quot;,&quot;background_slideshow_slide_duration&quot;:5000,&quot;background_slideshow_slide_transition&quot;:&quot;fade&quot;,&quot;background_slideshow_transition_duration&quot;:500}\">\n\t\t\t\t<div class=\"elementor-element elementor-element-636763c elementor-widget elementor-widget-image\" data-id=\"636763c\" data-element_type=\"widget\" data-e-type=\"widget\" data-widget_type=\"image.default\">\n\t\t\t\t<div class=\"elementor-widget-container\">\n\t\t\t\t\t\t\t\t\t\t\t\t\t\t\t<img loading=\"lazy\" decoding=\"async\" width=\"300\" height=\"300\" src=\"https:\/\/actionnairespourleclimat.org\/wp-content\/uploads\/2023\/10\/Gilles-300x300.jpg\" class=\"attachment-medium size-medium wp-image-441\" alt=\"\" srcset=\"https:\/\/actionnairespourleclimat.org\/wp-content\/uploads\/2023\/10\/Gilles-300x300.jpg 300w, https:\/\/actionnairespourleclimat.org\/wp-content\/uploads\/2023\/10\/Gilles-1024x1024.jpg 1024w, https:\/\/actionnairespourleclimat.org\/wp-content\/uploads\/2023\/10\/Gilles-150x150.jpg 150w, https:\/\/actionnairespourleclimat.org\/wp-content\/uploads\/2023\/10\/Gilles-768x768.jpg 768w, https:\/\/actionnairespourleclimat.org\/wp-content\/uploads\/2023\/10\/elementor\/thumbs\/Gilles-qe4ml2p1nqhto2s3a7yhjl8gcg8thgdh1ucy00klhs.jpg 200w, https:\/\/actionnairespourleclimat.org\/wp-content\/uploads\/2023\/10\/elementor\/thumbs\/Gilles-qe4ml2p0fvpe22mcvb3bfie3b416tp5r61rrum3dgo.jpg 100w, https:\/\/actionnairespourleclimat.org\/wp-content\/uploads\/2023\/10\/Gilles.jpg 1536w\" sizes=\"(max-width: 300px) 100vw, 300px\" \/>\t\t\t\t\t\t\t\t\t\t\t\t\t\t\t<\/div>\n\t\t\t\t<\/div>\n\t\t\t\t<div class=\"elementor-element elementor-element-ced9e09 elementor-widget elementor-widget-heading\" data-id=\"ced9e09\" data-element_type=\"widget\" data-e-type=\"widget\" data-widget_type=\"heading.default\">\n\t\t\t\t<div class=\"elementor-widget-container\">\n\t\t\t\t\t<h2 class=\"elementor-heading-title elementor-size-default\">Gilles THOMAS<\/h2>\t\t\t\t<\/div>\n\t\t\t\t<\/div>\n\t\t\t\t<div class=\"elementor-element elementor-element-074c989 elementor-widget elementor-widget-heading\" data-id=\"074c989\" data-element_type=\"widget\" data-e-type=\"widget\" data-widget_type=\"heading.default\">\n\t\t\t\t<div class=\"elementor-widget-container\">\n\t\t\t\t\t<h2 class=\"elementor-heading-title elementor-size-default\">Formateur<\/h2>\t\t\t\t<\/div>\n\t\t\t\t<\/div>\n\t\t\t\t<div class=\"elementor-element elementor-element-076b988 elementor-widget elementor-widget-text-editor\" data-id=\"076b988\" data-element_type=\"widget\" data-e-type=\"widget\" data-widget_type=\"text-editor.default\">\n\t\t\t\t<div class=\"elementor-widget-container\">\n\t\t\t\t\t\t\t\t\t<p>Associ\u00e9 M\u00e9tamorphose<\/p>\t\t\t\t\t\t\t\t<\/div>\n\t\t\t\t<\/div>\n\t\t\t\t<\/div>\n\t\t<div class=\"elementor-element elementor-element-45a84d8 e-con-full e-flex e-con e-child\" data-id=\"45a84d8\" data-element_type=\"container\" data-e-type=\"container\" data-settings=\"{&quot;background_background&quot;:&quot;gradient&quot;}\">\n\t\t\t\t<div class=\"elementor-element elementor-element-d066b3e elementor-widget elementor-widget-image\" data-id=\"d066b3e\" data-element_type=\"widget\" data-e-type=\"widget\" data-widget_type=\"image.default\">\n\t\t\t\t<div class=\"elementor-widget-container\">\n\t\t\t\t\t\t\t\t\t\t\t\t\t\t\t<img loading=\"lazy\" decoding=\"async\" width=\"300\" height=\"300\" src=\"https:\/\/actionnairespourleclimat.org\/wp-content\/uploads\/2023\/10\/Photo-B\u201aatrice-Bellini-300x300.jpg\" class=\"attachment-medium size-medium wp-image-372\" alt=\"\" srcset=\"https:\/\/actionnairespourleclimat.org\/wp-content\/uploads\/2023\/10\/Photo-B\u201aatrice-Bellini-300x300.jpg 300w, https:\/\/actionnairespourleclimat.org\/wp-content\/uploads\/2023\/10\/Photo-B\u201aatrice-Bellini-150x150.jpg 150w, https:\/\/actionnairespourleclimat.org\/wp-content\/uploads\/2023\/10\/elementor\/thumbs\/Photo-B\u201aatrice-Bellini-qdzgz6doithbbelxvfmi58riokguk8pc1iqm79vzdc.jpg 200w, https:\/\/actionnairespourleclimat.org\/wp-content\/uploads\/2023\/10\/elementor\/thumbs\/Photo-B\u201aatrice-Bellini-qdzgz6dnayovpeg7girc15x5n897whhm5q5g1verc8.jpg 100w, https:\/\/actionnairespourleclimat.org\/wp-content\/uploads\/2023\/10\/Photo-B\u201aatrice-Bellini.jpg 373w\" sizes=\"(max-width: 300px) 100vw, 300px\" \/>\t\t\t\t\t\t\t\t\t\t\t\t\t\t\t<\/div>\n\t\t\t\t<\/div>\n\t\t\t\t<div class=\"elementor-element elementor-element-43fabd6 elementor-widget elementor-widget-heading\" data-id=\"43fabd6\" data-element_type=\"widget\" data-e-type=\"widget\" data-widget_type=\"heading.default\">\n\t\t\t\t<div class=\"elementor-widget-container\">\n\t\t\t\t\t<h2 class=\"elementor-heading-title elementor-size-default\">B\u00e9atrice BELLINI<\/h2>\t\t\t\t<\/div>\n\t\t\t\t<\/div>\n\t\t\t\t<div class=\"elementor-element elementor-element-251a2ad elementor-widget elementor-widget-heading\" data-id=\"251a2ad\" data-element_type=\"widget\" data-e-type=\"widget\" data-widget_type=\"heading.default\">\n\t\t\t\t<div class=\"elementor-widget-container\">\n\t\t\t\t\t<h2 class=\"elementor-heading-title elementor-size-default\">Pr\u00e9sidente de la chaire UNESCO consommation durable, et soci\u00e9t\u00e9s inclusives \/ positive business<\/h2>\t\t\t\t<\/div>\n\t\t\t\t<\/div>\n\t\t\t\t<div class=\"elementor-element elementor-element-8e73fe3 elementor-widget elementor-widget-text-editor\" data-id=\"8e73fe3\" data-element_type=\"widget\" data-e-type=\"widget\" data-widget_type=\"text-editor.default\">\n\t\t\t\t<div class=\"elementor-widget-container\">\n\t\t\t\t\t\t\t\t\t<p>Universit\u00e9 Paris Nanterre\u00a0\u00a0\u00a0 Ma\u00eetrede conf\u00e9rence<\/p>\t\t\t\t\t\t\t\t<\/div>\n\t\t\t\t<\/div>\n\t\t\t\t<\/div>\n\t\t<div class=\"elementor-element elementor-element-8cf6564 e-con-full e-flex e-con e-child\" data-id=\"8cf6564\" data-element_type=\"container\" data-e-type=\"container\" data-settings=\"{&quot;background_background&quot;:&quot;classic&quot;}\">\n\t\t\t\t<div class=\"elementor-element elementor-element-f51aeed elementor-widget elementor-widget-image\" data-id=\"f51aeed\" data-element_type=\"widget\" data-e-type=\"widget\" data-widget_type=\"image.default\">\n\t\t\t\t<div class=\"elementor-widget-container\">\n\t\t\t\t\t\t\t\t\t\t\t\t\t\t\t<img loading=\"lazy\" decoding=\"async\" width=\"300\" height=\"300\" src=\"https:\/\/actionnairespourleclimat.org\/wp-content\/uploads\/2023\/10\/Photo-Pierre-Janot-1-300x300.jpg\" class=\"attachment-medium size-medium wp-image-378\" alt=\"\" srcset=\"https:\/\/actionnairespourleclimat.org\/wp-content\/uploads\/2023\/10\/Photo-Pierre-Janot-1-300x300.jpg 300w, https:\/\/actionnairespourleclimat.org\/wp-content\/uploads\/2023\/10\/Photo-Pierre-Janot-1-1024x1024.jpg 1024w, https:\/\/actionnairespourleclimat.org\/wp-content\/uploads\/2023\/10\/Photo-Pierre-Janot-1-150x150.jpg 150w, https:\/\/actionnairespourleclimat.org\/wp-content\/uploads\/2023\/10\/Photo-Pierre-Janot-1-768x769.jpg 768w, https:\/\/actionnairespourleclimat.org\/wp-content\/uploads\/2023\/10\/elementor\/thumbs\/Photo-Pierre-Janot-1-qdzgza51a5mglugh9h90f7td23ybf149e1ck4dqeog.jpg 200w, https:\/\/actionnairespourleclimat.org\/wp-content\/uploads\/2023\/10\/elementor\/thumbs\/Photo-Pierre-Janot-1-qdzgza502au0zuaqukdub4z00rqor9wji8rdyz96nc.jpg 100w, https:\/\/actionnairespourleclimat.org\/wp-content\/uploads\/2023\/10\/Photo-Pierre-Janot-1.jpg 1151w\" sizes=\"(max-width: 300px) 100vw, 300px\" \/>\t\t\t\t\t\t\t\t\t\t\t\t\t\t\t<\/div>\n\t\t\t\t<\/div>\n\t\t\t\t<div class=\"elementor-element elementor-element-89d9d67 elementor-widget elementor-widget-heading\" data-id=\"89d9d67\" data-element_type=\"widget\" data-e-type=\"widget\" data-widget_type=\"heading.default\">\n\t\t\t\t<div class=\"elementor-widget-container\">\n\t\t\t\t\t<h2 class=\"elementor-heading-title elementor-size-default\">Pierre JANOT<\/h2>\t\t\t\t<\/div>\n\t\t\t\t<\/div>\n\t\t\t\t<div class=\"elementor-element elementor-element-1fcc2f2 elementor-widget elementor-widget-heading\" data-id=\"1fcc2f2\" data-element_type=\"widget\" data-e-type=\"widget\" data-widget_type=\"heading.default\">\n\t\t\t\t<div class=\"elementor-widget-container\">\n\t\t\t\t\t<h2 class=\"elementor-heading-title elementor-size-default\">Avocat au barreau de Grenoble<\/h2>\t\t\t\t<\/div>\n\t\t\t\t<\/div>\n\t\t\t\t<div class=\"elementor-element elementor-element-da6e905 elementor-widget elementor-widget-text-editor\" data-id=\"da6e905\" data-element_type=\"widget\" data-e-type=\"widget\" data-widget_type=\"text-editor.default\">\n\t\t\t\t<div class=\"elementor-widget-container\">\n\t\t\t\t\t\t\t\t\t<p>Ancien pr\u00e9sident des amis de la terre 38 et membre du bureau f\u00e9d\u00e9ral<\/p>\t\t\t\t\t\t\t\t<\/div>\n\t\t\t\t<\/div>\n\t\t\t\t<\/div>\n\t\t<div class=\"elementor-element elementor-element-72be1b0 e-con-full e-flex e-con e-child\" data-id=\"72be1b0\" data-element_type=\"container\" data-e-type=\"container\" data-settings=\"{&quot;background_background&quot;:&quot;gradient&quot;}\">\n\t\t\t\t<div class=\"elementor-element elementor-element-160d3e5 elementor-widget elementor-widget-image\" data-id=\"160d3e5\" data-element_type=\"widget\" data-e-type=\"widget\" data-widget_type=\"image.default\">\n\t\t\t\t<div class=\"elementor-widget-container\">\n\t\t\t\t\t\t\t\t\t\t\t\t\t\t\t<img loading=\"lazy\" decoding=\"async\" width=\"300\" height=\"300\" src=\"https:\/\/actionnairespourleclimat.org\/wp-content\/uploads\/2023\/10\/Photo-Lili-Behiels-300x300.jpg\" class=\"attachment-medium size-medium wp-image-373\" alt=\"\" srcset=\"https:\/\/actionnairespourleclimat.org\/wp-content\/uploads\/2023\/10\/Photo-Lili-Behiels-300x300.jpg 300w, https:\/\/actionnairespourleclimat.org\/wp-content\/uploads\/2023\/10\/Photo-Lili-Behiels-150x150.jpg 150w, https:\/\/actionnairespourleclimat.org\/wp-content\/uploads\/2023\/10\/elementor\/thumbs\/Photo-Lili-Behiels-qdzgz6doithbbelxvfmi58riokguk8pc1iqm79vzdc.jpg 200w, https:\/\/actionnairespourleclimat.org\/wp-content\/uploads\/2023\/10\/elementor\/thumbs\/Photo-Lili-Behiels-qdzgz6dnayovpeg7girc15x5n897whhm5q5g1verc8.jpg 100w, https:\/\/actionnairespourleclimat.org\/wp-content\/uploads\/2023\/10\/Photo-Lili-Behiels.jpg 374w\" sizes=\"(max-width: 300px) 100vw, 300px\" \/>\t\t\t\t\t\t\t\t\t\t\t\t\t\t\t<\/div>\n\t\t\t\t<\/div>\n\t\t\t\t<div class=\"elementor-element elementor-element-2f2b013 elementor-widget elementor-widget-heading\" data-id=\"2f2b013\" data-element_type=\"widget\" data-e-type=\"widget\" data-widget_type=\"heading.default\">\n\t\t\t\t<div class=\"elementor-widget-container\">\n\t\t\t\t\t<h2 class=\"elementor-heading-title elementor-size-default\">Lili BEHIELS<\/h2>\t\t\t\t<\/div>\n\t\t\t\t<\/div>\n\t\t\t\t<div class=\"elementor-element elementor-element-f0674ff elementor-widget elementor-widget-heading\" data-id=\"f0674ff\" data-element_type=\"widget\" data-e-type=\"widget\" data-widget_type=\"heading.default\">\n\t\t\t\t<div class=\"elementor-widget-container\">\n\t\t\t\t\t<h2 class=\"elementor-heading-title elementor-size-default\">Juriste en droit de l'environnement<\/h2>\t\t\t\t<\/div>\n\t\t\t\t<\/div>\n\t\t\t\t<div class=\"elementor-element elementor-element-1e170b0 elementor-widget elementor-widget-text-editor\" data-id=\"1e170b0\" data-element_type=\"widget\" data-e-type=\"widget\" data-widget_type=\"text-editor.default\">\n\t\t\t\t<div class=\"elementor-widget-container\">\n\t\t\t\t\t\t\t\t\t<p>Vice-pr\u00e9sidente<\/p>\t\t\t\t\t\t\t\t<\/div>\n\t\t\t\t<\/div>\n\t\t\t\t<\/div>\n\t\t\t\t\t<\/div>\n\t\t\t\t<\/div>\n\t\t<div class=\"elementor-element elementor-element-f64d269 e-con-full e-flex e-con e-parent\" data-id=\"f64d269\" data-element_type=\"container\" data-e-type=\"container\">\n\t\t<div class=\"elementor-element elementor-element-45e2c38 e-con-full e-flex e-con e-child\" data-id=\"45e2c38\" data-element_type=\"container\" data-e-type=\"container\" data-settings=\"{&quot;background_background&quot;:&quot;gradient&quot;,&quot;shape_divider_top&quot;:&quot;opacity-tilt&quot;,&quot;shape_divider_bottom&quot;:&quot;opacity-tilt&quot;}\">\n\t\t\t\t<div class=\"elementor-shape elementor-shape-top\" aria-hidden=\"true\" data-negative=\"false\">\n\t\t\t<svg xmlns=\"http:\/\/www.w3.org\/2000\/svg\" viewBox=\"0 0 2600 131.1\" preserveAspectRatio=\"none\">\n\t<path class=\"elementor-shape-fill\" d=\"M0 0L2600 0 2600 69.1 0 0z\"\/>\n\t<path class=\"elementor-shape-fill\" style=\"opacity:0.5\" d=\"M0 0L2600 0 2600 69.1 0 69.1z\"\/>\n\t<path class=\"elementor-shape-fill\" style=\"opacity:0.25\" d=\"M2600 0L0 0 0 130.1 2600 69.1z\"\/>\n<\/svg>\t\t<\/div>\n\t\t\t\t<div class=\"elementor-shape elementor-shape-bottom\" aria-hidden=\"true\" data-negative=\"false\">\n\t\t\t<svg xmlns=\"http:\/\/www.w3.org\/2000\/svg\" viewBox=\"0 0 2600 131.1\" preserveAspectRatio=\"none\">\n\t<path class=\"elementor-shape-fill\" d=\"M0 0L2600 0 2600 69.1 0 0z\"\/>\n\t<path class=\"elementor-shape-fill\" style=\"opacity:0.5\" d=\"M0 0L2600 0 2600 69.1 0 69.1z\"\/>\n\t<path class=\"elementor-shape-fill\" style=\"opacity:0.25\" d=\"M2600 0L0 0 0 130.1 2600 69.1z\"\/>\n<\/svg>\t\t<\/div>\n\t\t\t\t<div class=\"elementor-element elementor-element-a0ee8fc elementor-widget__width-inherit elementor-widget elementor-widget-heading\" data-id=\"a0ee8fc\" data-element_type=\"widget\" data-e-type=\"widget\" data-widget_type=\"heading.default\">\n\t\t\t\t<div class=\"elementor-widget-container\">\n\t\t\t\t\t<h2 class=\"elementor-heading-title elementor-size-small\">L'association<\/h2>\t\t\t\t<\/div>\n\t\t\t\t<\/div>\n\t\t\t\t<\/div>\n\t\t\t\t<div class=\"elementor-element elementor-element-c205bba elementor-widget__width-inherit elementor-widget elementor-widget-text-editor\" data-id=\"c205bba\" data-element_type=\"widget\" data-e-type=\"widget\" data-widget_type=\"text-editor.default\">\n\t\t\t\t<div class=\"elementor-widget-container\">\n\t\t\t\t\t\t\t\t\t<p>L\u2019association est compos\u00e9e d\u2019un <strong>groupe de professionnels du droit, de la comptabilit\u00e9, du management et de la finance.<\/strong><\/p>\t\t\t\t\t\t\t\t<\/div>\n\t\t\t\t<\/div>\n\t\t\t\t<\/div>\n\t\t<div class=\"elementor-element elementor-element-01ee457 e-flex e-con-boxed e-con e-parent\" data-id=\"01ee457\" data-element_type=\"container\" data-e-type=\"container\" data-settings=\"{&quot;background_background&quot;:&quot;slideshow&quot;,&quot;background_slideshow_gallery&quot;:[],&quot;background_slideshow_loop&quot;:&quot;yes&quot;,&quot;background_slideshow_slide_duration&quot;:5000,&quot;background_slideshow_slide_transition&quot;:&quot;fade&quot;,&quot;background_slideshow_transition_duration&quot;:500}\">\n\t\t\t\t\t<div class=\"e-con-inner\">\n\t\t<div class=\"elementor-element elementor-element-061b349 e-con-full e-flex e-con e-child\" data-id=\"061b349\" data-element_type=\"container\" data-e-type=\"container\">\n\t\t\t\t<div class=\"elementor-element elementor-element-c3e31e0 elementor-widget elementor-widget-image\" data-id=\"c3e31e0\" data-element_type=\"widget\" data-e-type=\"widget\" data-widget_type=\"image.default\">\n\t\t\t\t<div class=\"elementor-widget-container\">\n\t\t\t\t\t\t\t\t\t\t\t\t\t\t\t<img loading=\"lazy\" decoding=\"async\" width=\"800\" height=\"800\" src=\"https:\/\/actionnairespourleclimat.org\/wp-content\/uploads\/2023\/11\/teamb-1024x1024.webp\" class=\"attachment-large size-large wp-image-1168\" alt=\"\" srcset=\"https:\/\/actionnairespourleclimat.org\/wp-content\/uploads\/2023\/11\/teamb-1024x1024.webp 1024w, https:\/\/actionnairespourleclimat.org\/wp-content\/uploads\/2023\/11\/teamb-300x300.webp 300w, https:\/\/actionnairespourleclimat.org\/wp-content\/uploads\/2023\/11\/teamb-150x150.webp 150w, https:\/\/actionnairespourleclimat.org\/wp-content\/uploads\/2023\/11\/teamb-768x768.webp 768w, https:\/\/actionnairespourleclimat.org\/wp-content\/uploads\/2023\/11\/teamb-1536x1536.webp 1536w, https:\/\/actionnairespourleclimat.org\/wp-content\/uploads\/2023\/11\/teamb-2048x2048.webp 2048w\" sizes=\"(max-width: 800px) 100vw, 800px\" \/>\t\t\t\t\t\t\t\t\t\t\t\t\t\t\t<\/div>\n\t\t\t\t<\/div>\n\t\t\t\t<\/div>\n\t\t<div class=\"elementor-element elementor-element-4b747fd e-con-full e-flex e-con e-child\" data-id=\"4b747fd\" data-element_type=\"container\" data-e-type=\"container\">\n\t\t\t\t<div class=\"elementor-element elementor-element-091fdb9 elementor-icon-list--layout-traditional elementor-list-item-link-full_width elementor-widget elementor-widget-icon-list\" data-id=\"091fdb9\" data-element_type=\"widget\" data-e-type=\"widget\" data-widget_type=\"icon-list.default\">\n\t\t\t\t<div class=\"elementor-widget-container\">\n\t\t\t\t\t\t\t<ul class=\"elementor-icon-list-items\">\n\t\t\t\t\t\t\t<li class=\"elementor-icon-list-item\">\n\t\t\t\t\t\t\t\t\t\t\t<span class=\"elementor-icon-list-icon\">\n\t\t\t\t\t\t\t<i aria-hidden=\"true\" class=\"fas fa-circle\"><\/i>\t\t\t\t\t\t<\/span>\n\t\t\t\t\t\t\t\t\t\t<span class=\"elementor-icon-list-text\">Experts comptables<\/span>\n\t\t\t\t\t\t\t\t\t<\/li>\n\t\t\t\t\t\t\t\t<li class=\"elementor-icon-list-item\">\n\t\t\t\t\t\t\t\t\t\t\t<span class=\"elementor-icon-list-icon\">\n\t\t\t\t\t\t\t<i aria-hidden=\"true\" class=\"fas fa-circle\"><\/i>\t\t\t\t\t\t<\/span>\n\t\t\t\t\t\t\t\t\t\t<span class=\"elementor-icon-list-text\">Commissaires aux comptes<\/span>\n\t\t\t\t\t\t\t\t\t<\/li>\n\t\t\t\t\t\t\t\t<li class=\"elementor-icon-list-item\">\n\t\t\t\t\t\t\t\t\t\t\t<span class=\"elementor-icon-list-icon\">\n\t\t\t\t\t\t\t<i aria-hidden=\"true\" class=\"fas fa-circle\"><\/i>\t\t\t\t\t\t<\/span>\n\t\t\t\t\t\t\t\t\t\t<span class=\"elementor-icon-list-text\">Avocats<\/span>\n\t\t\t\t\t\t\t\t\t<\/li>\n\t\t\t\t\t\t\t\t<li class=\"elementor-icon-list-item\">\n\t\t\t\t\t\t\t\t\t\t\t<span class=\"elementor-icon-list-icon\">\n\t\t\t\t\t\t\t<i aria-hidden=\"true\" class=\"fas fa-circle\"><\/i>\t\t\t\t\t\t<\/span>\n\t\t\t\t\t\t\t\t\t\t<span class=\"elementor-icon-list-text\">Enseignants Chercheurs<\/span>\n\t\t\t\t\t\t\t\t\t<\/li>\n\t\t\t\t\t\t\t\t<li class=\"elementor-icon-list-item\">\n\t\t\t\t\t\t\t\t\t\t\t<span class=\"elementor-icon-list-icon\">\n\t\t\t\t\t\t\t<i aria-hidden=\"true\" class=\"fas fa-circle\"><\/i>\t\t\t\t\t\t<\/span>\n\t\t\t\t\t\t\t\t\t\t<span class=\"elementor-icon-list-text\">Directeurs-trices financiers<\/span>\n\t\t\t\t\t\t\t\t\t<\/li>\n\t\t\t\t\t\t\t\t<li class=\"elementor-icon-list-item\">\n\t\t\t\t\t\t\t\t\t\t\t<span class=\"elementor-icon-list-icon\">\n\t\t\t\t\t\t\t<i aria-hidden=\"true\" class=\"fas fa-circle\"><\/i>\t\t\t\t\t\t<\/span>\n\t\t\t\t\t\t\t\t\t\t<span class=\"elementor-icon-list-text\">Citoyens engag\u00e9s<\/span>\n\t\t\t\t\t\t\t\t\t<\/li>\n\t\t\t\t\t\t\t\t<li class=\"elementor-icon-list-item\">\n\t\t\t\t\t\t\t\t\t\t\t<span class=\"elementor-icon-list-icon\">\n\t\t\t\t\t\t\t<i aria-hidden=\"true\" class=\"fas fa-circle\"><\/i>\t\t\t\t\t\t<\/span>\n\t\t\t\t\t\t\t\t\t\t<span class=\"elementor-icon-list-text\">Economistes experts de la tarification du carbone<\/span>\n\t\t\t\t\t\t\t\t\t<\/li>\n\t\t\t\t\t\t<\/ul>\n\t\t\t\t\t\t<\/div>\n\t\t\t\t<\/div>\n\t\t\t\t<\/div>\n\t\t\t\t\t<\/div>\n\t\t\t\t<\/div>\n\t\t<div class=\"elementor-element elementor-element-d86fab7 e-con-full e-flex e-con e-parent\" data-id=\"d86fab7\" data-element_type=\"container\" data-e-type=\"container\">\n\t\t<div class=\"elementor-element elementor-element-0a245f3 e-con-full e-flex e-con e-child\" data-id=\"0a245f3\" data-element_type=\"container\" data-e-type=\"container\" data-settings=\"{&quot;background_background&quot;:&quot;gradient&quot;,&quot;shape_divider_top&quot;:&quot;opacity-tilt&quot;,&quot;shape_divider_bottom&quot;:&quot;opacity-tilt&quot;}\">\n\t\t\t\t<div class=\"elementor-shape elementor-shape-top\" aria-hidden=\"true\" data-negative=\"false\">\n\t\t\t<svg xmlns=\"http:\/\/www.w3.org\/2000\/svg\" viewBox=\"0 0 2600 131.1\" preserveAspectRatio=\"none\">\n\t<path class=\"elementor-shape-fill\" d=\"M0 0L2600 0 2600 69.1 0 0z\"\/>\n\t<path class=\"elementor-shape-fill\" style=\"opacity:0.5\" d=\"M0 0L2600 0 2600 69.1 0 69.1z\"\/>\n\t<path class=\"elementor-shape-fill\" style=\"opacity:0.25\" d=\"M2600 0L0 0 0 130.1 2600 69.1z\"\/>\n<\/svg>\t\t<\/div>\n\t\t\t\t<div class=\"elementor-shape elementor-shape-bottom\" aria-hidden=\"true\" data-negative=\"false\">\n\t\t\t<svg xmlns=\"http:\/\/www.w3.org\/2000\/svg\" viewBox=\"0 0 2600 131.1\" preserveAspectRatio=\"none\">\n\t<path class=\"elementor-shape-fill\" d=\"M0 0L2600 0 2600 69.1 0 0z\"\/>\n\t<path class=\"elementor-shape-fill\" style=\"opacity:0.5\" d=\"M0 0L2600 0 2600 69.1 0 69.1z\"\/>\n\t<path class=\"elementor-shape-fill\" style=\"opacity:0.25\" d=\"M2600 0L0 0 0 130.1 2600 69.1z\"\/>\n<\/svg>\t\t<\/div>\n\t\t\t\t<div class=\"elementor-element elementor-element-1b1fecd elementor-widget__width-inherit elementor-widget elementor-widget-heading\" data-id=\"1b1fecd\" data-element_type=\"widget\" data-e-type=\"widget\" data-widget_type=\"heading.default\">\n\t\t\t\t<div class=\"elementor-widget-container\">\n\t\t\t\t\t<h2 class=\"elementor-heading-title elementor-size-default\">Axes de travail<\/h2>\t\t\t\t<\/div>\n\t\t\t\t<\/div>\n\t\t\t\t<\/div>\n\t\t\t\t<\/div>\n\t\t<div class=\"elementor-element elementor-element-6b83ce4 e-flex e-con-boxed e-con e-parent\" data-id=\"6b83ce4\" data-element_type=\"container\" data-e-type=\"container\">\n\t\t\t\t\t<div class=\"e-con-inner\">\n\t\t<div class=\"elementor-element elementor-element-527c271 e-con-full e-flex e-con e-child\" data-id=\"527c271\" data-element_type=\"container\" data-e-type=\"container\">\n\t\t\t\t<div class=\"elementor-element elementor-element-3b0d6ec elementor-widget elementor-widget-image\" data-id=\"3b0d6ec\" data-element_type=\"widget\" data-e-type=\"widget\" data-widget_type=\"image.default\">\n\t\t\t\t<div class=\"elementor-widget-container\">\n\t\t\t\t\t\t\t\t\t\t\t\t\t\t\t<img loading=\"lazy\" decoding=\"async\" width=\"800\" height=\"666\" src=\"https:\/\/actionnairespourleclimat.org\/wp-content\/uploads\/2023\/11\/Normes-comptables-1024x853.jpg\" class=\"attachment-large size-large wp-image-1388\" alt=\"\" srcset=\"https:\/\/actionnairespourleclimat.org\/wp-content\/uploads\/2023\/11\/Normes-comptables-1024x853.jpg 1024w, https:\/\/actionnairespourleclimat.org\/wp-content\/uploads\/2023\/11\/Normes-comptables-300x250.jpg 300w, https:\/\/actionnairespourleclimat.org\/wp-content\/uploads\/2023\/11\/Normes-comptables-768x640.jpg 768w, https:\/\/actionnairespourleclimat.org\/wp-content\/uploads\/2023\/11\/Normes-comptables-1536x1280.jpg 1536w, https:\/\/actionnairespourleclimat.org\/wp-content\/uploads\/2023\/11\/Normes-comptables.jpg 1575w\" sizes=\"(max-width: 800px) 100vw, 800px\" \/>\t\t\t\t\t\t\t\t\t\t\t\t\t\t\t<\/div>\n\t\t\t\t<\/div>\n\t\t\t\t<\/div>\n\t\t<div class=\"elementor-element elementor-element-0bfac0c e-con-full e-flex e-con e-child\" data-id=\"0bfac0c\" data-element_type=\"container\" data-e-type=\"container\">\n\t\t\t\t<div class=\"elementor-element elementor-element-80abb6c elementor-widget elementor-widget-heading\" data-id=\"80abb6c\" data-element_type=\"widget\" data-e-type=\"widget\" data-widget_type=\"heading.default\">\n\t\t\t\t<div class=\"elementor-widget-container\">\n\t\t\t\t\t<h2 class=\"elementor-heading-title elementor-size-default\">Evolution des normes comptables<\/h2>\t\t\t\t<\/div>\n\t\t\t\t<\/div>\n\t\t\t\t<div class=\"elementor-element elementor-element-0c204e4 elementor-icon-list--layout-traditional elementor-list-item-link-full_width elementor-widget elementor-widget-icon-list\" data-id=\"0c204e4\" data-element_type=\"widget\" data-e-type=\"widget\" data-widget_type=\"icon-list.default\">\n\t\t\t\t<div class=\"elementor-widget-container\">\n\t\t\t\t\t\t\t<ul class=\"elementor-icon-list-items\">\n\t\t\t\t\t\t\t<li class=\"elementor-icon-list-item\">\n\t\t\t\t\t\t\t\t\t\t\t<span class=\"elementor-icon-list-icon\">\n\t\t\t\t\t\t\t<i aria-hidden=\"true\" class=\"fas fa-circle\"><\/i>\t\t\t\t\t\t<\/span>\n\t\t\t\t\t\t\t\t\t\t<span class=\"elementor-icon-list-text\">Impulsion d'un groupe de travail \u00e0 l'autorit\u00e9 des normes comptables - Evolution des normes comptables li\u00e9es aux risques climatiques<\/span>\n\t\t\t\t\t\t\t\t\t<\/li>\n\t\t\t\t\t\t\t\t<li class=\"elementor-icon-list-item\">\n\t\t\t\t\t\t\t\t\t\t\t<span class=\"elementor-icon-list-icon\">\n\t\t\t\t\t\t\t<i aria-hidden=\"true\" class=\"fas fa-circle\"><\/i>\t\t\t\t\t\t<\/span>\n\t\t\t\t\t\t\t\t\t\t<span class=\"elementor-icon-list-text\">M\u00e9thode de comptabilit\u00e9 int\u00e9gr\u00e9e SeMa (sense making and accountability)<\/span>\n\t\t\t\t\t\t\t\t\t<\/li>\n\t\t\t\t\t\t<\/ul>\n\t\t\t\t\t\t<\/div>\n\t\t\t\t<\/div>\n\t\t\t\t<\/div>\n\t\t\t\t\t<\/div>\n\t\t\t\t<\/div>\n\t\t<div class=\"elementor-element elementor-element-9afc3ed e-flex e-con-boxed e-con e-parent\" data-id=\"9afc3ed\" data-element_type=\"container\" data-e-type=\"container\">\n\t\t\t\t\t<div class=\"e-con-inner\">\n\t\t\t\t<div class=\"elementor-element elementor-element-40c5b9f elementor-widget-divider--view-line elementor-widget elementor-widget-divider\" data-id=\"40c5b9f\" data-element_type=\"widget\" data-e-type=\"widget\" data-widget_type=\"divider.default\">\n\t\t\t\t<div class=\"elementor-widget-container\">\n\t\t\t\t\t\t\t<div class=\"elementor-divider\">\n\t\t\t<span class=\"elementor-divider-separator\">\n\t\t\t\t\t\t<\/span>\n\t\t<\/div>\n\t\t\t\t\t\t<\/div>\n\t\t\t\t<\/div>\n\t\t\t\t\t<\/div>\n\t\t\t\t<\/div>\n\t\t<div class=\"elementor-element elementor-element-50e926d e-flex e-con-boxed e-con e-parent\" data-id=\"50e926d\" data-element_type=\"container\" data-e-type=\"container\">\n\t\t\t\t\t<div class=\"e-con-inner\">\n\t\t<div class=\"elementor-element elementor-element-deb8c4b e-con-full e-flex e-con e-child\" data-id=\"deb8c4b\" data-element_type=\"container\" data-e-type=\"container\">\n\t\t\t\t<div class=\"elementor-element elementor-element-ba0313e elementor-widget elementor-widget-heading\" data-id=\"ba0313e\" data-element_type=\"widget\" data-e-type=\"widget\" data-widget_type=\"heading.default\">\n\t\t\t\t<div class=\"elementor-widget-container\">\n\t\t\t\t\t<h2 class=\"elementor-heading-title elementor-size-default\">Engagement actionnarial<\/h2>\t\t\t\t<\/div>\n\t\t\t\t<\/div>\n\t\t\t\t<\/div>\n\t\t<div class=\"elementor-element elementor-element-1d2c81e e-con-full e-flex e-con e-child\" data-id=\"1d2c81e\" data-element_type=\"container\" data-e-type=\"container\">\n\t\t\t\t<div class=\"elementor-element elementor-element-6de7f69 elementor-widget elementor-widget-image\" data-id=\"6de7f69\" data-element_type=\"widget\" data-e-type=\"widget\" data-widget_type=\"image.default\">\n\t\t\t\t<div class=\"elementor-widget-container\">\n\t\t\t\t\t\t\t\t\t\t\t\t\t\t\t<img loading=\"lazy\" decoding=\"async\" width=\"800\" height=\"500\" src=\"https:\/\/actionnairespourleclimat.org\/wp-content\/uploads\/2023\/11\/engagement-actionnarial.jpg\" class=\"attachment-large size-large wp-image-1393\" alt=\"\" srcset=\"https:\/\/actionnairespourleclimat.org\/wp-content\/uploads\/2023\/11\/engagement-actionnarial.jpg 850w, https:\/\/actionnairespourleclimat.org\/wp-content\/uploads\/2023\/11\/engagement-actionnarial-300x187.jpg 300w, https:\/\/actionnairespourleclimat.org\/wp-content\/uploads\/2023\/11\/engagement-actionnarial-768x480.jpg 768w\" sizes=\"(max-width: 800px) 100vw, 800px\" \/>\t\t\t\t\t\t\t\t\t\t\t\t\t\t\t<\/div>\n\t\t\t\t<\/div>\n\t\t\t\t<\/div>\n\t\t\t\t\t<\/div>\n\t\t\t\t<\/div>\n\t\t<div class=\"elementor-element elementor-element-ecf8f31 e-flex e-con-boxed e-con e-parent\" data-id=\"ecf8f31\" data-element_type=\"container\" data-e-type=\"container\">\n\t\t\t\t\t<div class=\"e-con-inner\">\n\t\t\t\t<div class=\"elementor-element elementor-element-f0d4c94 elementor-widget-divider--view-line elementor-widget elementor-widget-divider\" data-id=\"f0d4c94\" data-element_type=\"widget\" data-e-type=\"widget\" data-widget_type=\"divider.default\">\n\t\t\t\t<div class=\"elementor-widget-container\">\n\t\t\t\t\t\t\t<div class=\"elementor-divider\">\n\t\t\t<span class=\"elementor-divider-separator\">\n\t\t\t\t\t\t<\/span>\n\t\t<\/div>\n\t\t\t\t\t\t<\/div>\n\t\t\t\t<\/div>\n\t\t\t\t\t<\/div>\n\t\t\t\t<\/div>\n\t\t<div class=\"elementor-element elementor-element-724e396 e-flex e-con-boxed e-con e-parent\" data-id=\"724e396\" data-element_type=\"container\" data-e-type=\"container\">\n\t\t\t\t\t<div class=\"e-con-inner\">\n\t\t<div class=\"elementor-element elementor-element-f8a3e02 e-con-full e-flex e-con e-child\" data-id=\"f8a3e02\" data-element_type=\"container\" data-e-type=\"container\">\n\t\t\t\t<div class=\"elementor-element elementor-element-dda7e3f elementor-widget elementor-widget-image\" data-id=\"dda7e3f\" data-element_type=\"widget\" data-e-type=\"widget\" data-widget_type=\"image.default\">\n\t\t\t\t<div class=\"elementor-widget-container\">\n\t\t\t\t\t\t\t\t\t\t\t\t\t\t\t<img loading=\"lazy\" decoding=\"async\" width=\"800\" height=\"800\" src=\"https:\/\/actionnairespourleclimat.org\/wp-content\/uploads\/2023\/11\/observatoire.jpg\" class=\"attachment-large size-large wp-image-1394\" alt=\"\" srcset=\"https:\/\/actionnairespourleclimat.org\/wp-content\/uploads\/2023\/11\/observatoire.jpg 850w, https:\/\/actionnairespourleclimat.org\/wp-content\/uploads\/2023\/11\/observatoire-300x300.jpg 300w, https:\/\/actionnairespourleclimat.org\/wp-content\/uploads\/2023\/11\/observatoire-150x150.jpg 150w, https:\/\/actionnairespourleclimat.org\/wp-content\/uploads\/2023\/11\/observatoire-768x768.jpg 768w\" sizes=\"(max-width: 800px) 100vw, 800px\" \/>\t\t\t\t\t\t\t\t\t\t\t\t\t\t\t<\/div>\n\t\t\t\t<\/div>\n\t\t\t\t<\/div>\n\t\t<div class=\"elementor-element elementor-element-9c8b979 e-con-full e-flex e-con e-child\" data-id=\"9c8b979\" data-element_type=\"container\" data-e-type=\"container\">\n\t\t\t\t<div class=\"elementor-element elementor-element-7258536 elementor-widget elementor-widget-heading\" data-id=\"7258536\" data-element_type=\"widget\" data-e-type=\"widget\" data-widget_type=\"heading.default\">\n\t\t\t\t<div class=\"elementor-widget-container\">\n\t\t\t\t\t<h2 class=\"elementor-heading-title elementor-size-default\">Observatoire finance climat biodiversit\u00e9<\/h2>\t\t\t\t<\/div>\n\t\t\t\t<\/div>\n\t\t\t\t<div class=\"elementor-element elementor-element-55bc0f0 elementor-icon-list--layout-traditional elementor-list-item-link-full_width elementor-widget elementor-widget-icon-list\" data-id=\"55bc0f0\" data-element_type=\"widget\" data-e-type=\"widget\" data-widget_type=\"icon-list.default\">\n\t\t\t\t<div class=\"elementor-widget-container\">\n\t\t\t\t\t\t\t<ul class=\"elementor-icon-list-items\">\n\t\t\t\t\t\t\t<li class=\"elementor-icon-list-item\">\n\t\t\t\t\t\t\t\t\t\t\t<span class=\"elementor-icon-list-icon\">\n\t\t\t\t\t\t\t<i aria-hidden=\"true\" class=\"fas fa-circle\"><\/i>\t\t\t\t\t\t<\/span>\n\t\t\t\t\t\t\t\t\t\t<span class=\"elementor-icon-list-text\">R\u00e9alisation de stress tests climatiques<\/span>\n\t\t\t\t\t\t\t\t\t<\/li>\n\t\t\t\t\t\t<\/ul>\n\t\t\t\t\t\t<\/div>\n\t\t\t\t<\/div>\n\t\t\t\t<\/div>\n\t\t\t\t\t<\/div>\n\t\t\t\t<\/div>\n\t\t<div class=\"elementor-element elementor-element-5a40f91 e-flex e-con-boxed e-con e-parent\" data-id=\"5a40f91\" data-element_type=\"container\" data-e-type=\"container\">\n\t\t\t\t\t<div class=\"e-con-inner\">\n\t\t\t\t<div class=\"elementor-element elementor-element-2cfddf6 elementor-widget elementor-widget-menu-anchor\" data-id=\"2cfddf6\" data-element_type=\"widget\" data-e-type=\"widget\" data-widget_type=\"menu-anchor.default\">\n\t\t\t\t<div class=\"elementor-widget-container\">\n\t\t\t\t\t\t\t<div class=\"elementor-menu-anchor\" id=\"vocation\"><\/div>\n\t\t\t\t\t\t<\/div>\n\t\t\t\t<\/div>\n\t\t\t\t\t<\/div>\n\t\t\t\t<\/div>\n\t\t<div class=\"elementor-element elementor-element-740bfa7 e-con-full e-flex e-con e-parent\" data-id=\"740bfa7\" data-element_type=\"container\" data-e-type=\"container\">\n\t\t<div class=\"elementor-element elementor-element-e32579a e-con-full e-flex e-con e-child\" data-id=\"e32579a\" data-element_type=\"container\" data-e-type=\"container\" data-settings=\"{&quot;background_background&quot;:&quot;gradient&quot;,&quot;shape_divider_top&quot;:&quot;opacity-tilt&quot;,&quot;shape_divider_bottom&quot;:&quot;opacity-tilt&quot;}\">\n\t\t\t\t<div class=\"elementor-shape elementor-shape-top\" aria-hidden=\"true\" data-negative=\"false\">\n\t\t\t<svg xmlns=\"http:\/\/www.w3.org\/2000\/svg\" viewBox=\"0 0 2600 131.1\" preserveAspectRatio=\"none\">\n\t<path class=\"elementor-shape-fill\" d=\"M0 0L2600 0 2600 69.1 0 0z\"\/>\n\t<path class=\"elementor-shape-fill\" style=\"opacity:0.5\" d=\"M0 0L2600 0 2600 69.1 0 69.1z\"\/>\n\t<path class=\"elementor-shape-fill\" style=\"opacity:0.25\" d=\"M2600 0L0 0 0 130.1 2600 69.1z\"\/>\n<\/svg>\t\t<\/div>\n\t\t\t\t<div class=\"elementor-shape elementor-shape-bottom\" aria-hidden=\"true\" data-negative=\"false\">\n\t\t\t<svg xmlns=\"http:\/\/www.w3.org\/2000\/svg\" viewBox=\"0 0 2600 131.1\" preserveAspectRatio=\"none\">\n\t<path class=\"elementor-shape-fill\" d=\"M0 0L2600 0 2600 69.1 0 0z\"\/>\n\t<path class=\"elementor-shape-fill\" style=\"opacity:0.5\" d=\"M0 0L2600 0 2600 69.1 0 69.1z\"\/>\n\t<path class=\"elementor-shape-fill\" style=\"opacity:0.25\" d=\"M2600 0L0 0 0 130.1 2600 69.1z\"\/>\n<\/svg>\t\t<\/div>\n\t\t\t\t<div class=\"elementor-element elementor-element-7d6369a elementor-widget__width-inherit elementor-widget elementor-widget-heading\" data-id=\"7d6369a\" data-element_type=\"widget\" data-e-type=\"widget\" data-widget_type=\"heading.default\">\n\t\t\t\t<div class=\"elementor-widget-container\">\n\t\t\t\t\t<h2 class=\"elementor-heading-title elementor-size-default\">Vocation et raison d'\u00eatre<\/h2>\t\t\t\t<\/div>\n\t\t\t\t<\/div>\n\t\t\t\t<\/div>\n\t\t\t\t<\/div>\n\t\t<div class=\"elementor-element elementor-element-71e2ada e-flex e-con-boxed e-con e-parent\" data-id=\"71e2ada\" data-element_type=\"container\" data-e-type=\"container\">\n\t\t\t\t\t<div class=\"e-con-inner\">\n\t\t<div class=\"elementor-element elementor-element-845e71f e-con-full e-flex e-con e-child\" data-id=\"845e71f\" data-element_type=\"container\" data-e-type=\"container\">\n\t\t\t\t<div class=\"elementor-element elementor-element-f329b8e elementor-widget elementor-widget-image\" data-id=\"f329b8e\" data-element_type=\"widget\" data-e-type=\"widget\" data-widget_type=\"image.default\">\n\t\t\t\t<div class=\"elementor-widget-container\">\n\t\t\t\t\t\t\t\t\t\t\t\t\t\t\t<img loading=\"lazy\" decoding=\"async\" width=\"800\" height=\"502\" src=\"https:\/\/actionnairespourleclimat.org\/wp-content\/uploads\/2023\/11\/UT.webp\" class=\"attachment-large size-large wp-image-1156\" alt=\"\" srcset=\"https:\/\/actionnairespourleclimat.org\/wp-content\/uploads\/2023\/11\/UT.webp 800w, https:\/\/actionnairespourleclimat.org\/wp-content\/uploads\/2023\/11\/UT-300x188.webp 300w, https:\/\/actionnairespourleclimat.org\/wp-content\/uploads\/2023\/11\/UT-768x482.webp 768w\" sizes=\"(max-width: 800px) 100vw, 800px\" \/>\t\t\t\t\t\t\t\t\t\t\t\t\t\t\t<\/div>\n\t\t\t\t<\/div>\n\t\t\t\t<div class=\"elementor-element elementor-element-90b0465 elementor-widget elementor-widget-heading\" data-id=\"90b0465\" data-element_type=\"widget\" data-e-type=\"widget\" data-widget_type=\"heading.default\">\n\t\t\t\t<div class=\"elementor-widget-container\">\n\t\t\t\t\t<h2 class=\"elementor-heading-title elementor-size-default\">UTILISER<\/h2>\t\t\t\t<\/div>\n\t\t\t\t<\/div>\n\t\t\t\t<div class=\"elementor-element elementor-element-a31e1d9 elementor-widget elementor-widget-text-editor\" data-id=\"a31e1d9\" data-element_type=\"widget\" data-e-type=\"widget\" data-widget_type=\"text-editor.default\">\n\t\t\t\t<div class=\"elementor-widget-container\">\n\t\t\t\t\t\t\t\t\t<p>L\u2019ensemble les leviers d\u2019analyse technique et juridique pour contraindre les entreprises \u00e0 assumer le co\u00fbt environnemental de leurs activit\u00e9s, avant toute distribution de dividendes.<\/p>\t\t\t\t\t\t\t\t<\/div>\n\t\t\t\t<\/div>\n\t\t\t\t<\/div>\n\t\t<div class=\"elementor-element elementor-element-44263e6 e-con-full e-flex e-con e-child\" data-id=\"44263e6\" data-element_type=\"container\" data-e-type=\"container\">\n\t\t\t\t<div class=\"elementor-element elementor-element-fb99478 elementor-hidden-desktop elementor-hidden-tablet elementor-widget-divider--view-line elementor-widget elementor-widget-divider\" data-id=\"fb99478\" data-element_type=\"widget\" data-e-type=\"widget\" data-widget_type=\"divider.default\">\n\t\t\t\t<div class=\"elementor-widget-container\">\n\t\t\t\t\t\t\t<div class=\"elementor-divider\">\n\t\t\t<span class=\"elementor-divider-separator\">\n\t\t\t\t\t\t<\/span>\n\t\t<\/div>\n\t\t\t\t\t\t<\/div>\n\t\t\t\t<\/div>\n\t\t\t\t<div class=\"elementor-element elementor-element-4e5b3ea elementor-widget elementor-widget-image\" data-id=\"4e5b3ea\" data-element_type=\"widget\" data-e-type=\"widget\" data-widget_type=\"image.default\">\n\t\t\t\t<div class=\"elementor-widget-container\">\n\t\t\t\t\t\t\t\t\t\t\t\t\t\t\t<img loading=\"lazy\" decoding=\"async\" width=\"800\" height=\"501\" src=\"https:\/\/actionnairespourleclimat.org\/wp-content\/uploads\/2023\/11\/An.webp\" class=\"attachment-large size-large wp-image-1158\" alt=\"\" srcset=\"https:\/\/actionnairespourleclimat.org\/wp-content\/uploads\/2023\/11\/An.webp 800w, https:\/\/actionnairespourleclimat.org\/wp-content\/uploads\/2023\/11\/An-300x188.webp 300w, https:\/\/actionnairespourleclimat.org\/wp-content\/uploads\/2023\/11\/An-768x481.webp 768w\" sizes=\"(max-width: 800px) 100vw, 800px\" \/>\t\t\t\t\t\t\t\t\t\t\t\t\t\t\t<\/div>\n\t\t\t\t<\/div>\n\t\t\t\t<div class=\"elementor-element elementor-element-01cee8c elementor-widget elementor-widget-heading\" data-id=\"01cee8c\" data-element_type=\"widget\" data-e-type=\"widget\" data-widget_type=\"heading.default\">\n\t\t\t\t<div class=\"elementor-widget-container\">\n\t\t\t\t\t<h2 class=\"elementor-heading-title elementor-size-default\">ANALYSER<\/h2>\t\t\t\t<\/div>\n\t\t\t\t<\/div>\n\t\t\t\t<div class=\"elementor-element elementor-element-0173891 elementor-widget elementor-widget-text-editor\" data-id=\"0173891\" data-element_type=\"widget\" data-e-type=\"widget\" data-widget_type=\"text-editor.default\">\n\t\t\t\t<div class=\"elementor-widget-container\">\n\t\t\t\t\t\t\t\t\t<p>Les politiques environnementales des acteurs \u00e9conomiques \u00e0 travers leur reporting, (D\u00e9claration de Performance Extra-financi\u00e8re, Plan de vigilance, base de donn\u00e9es \u00e9conomiques sociales et environnementales, Document d\u2019enregistrement universel), leurs investissements, leurs engagement climatiques et environnementaux.<\/p>\t\t\t\t\t\t\t\t<\/div>\n\t\t\t\t<\/div>\n\t\t\t\t<\/div>\n\t\t<div class=\"elementor-element elementor-element-d99f403 e-con-full e-flex e-con e-child\" data-id=\"d99f403\" data-element_type=\"container\" data-e-type=\"container\">\n\t\t\t\t<div class=\"elementor-element elementor-element-47b0b28 elementor-hidden-desktop elementor-hidden-tablet elementor-widget-divider--view-line elementor-widget elementor-widget-divider\" data-id=\"47b0b28\" data-element_type=\"widget\" data-e-type=\"widget\" data-widget_type=\"divider.default\">\n\t\t\t\t<div class=\"elementor-widget-container\">\n\t\t\t\t\t\t\t<div class=\"elementor-divider\">\n\t\t\t<span class=\"elementor-divider-separator\">\n\t\t\t\t\t\t<\/span>\n\t\t<\/div>\n\t\t\t\t\t\t<\/div>\n\t\t\t\t<\/div>\n\t\t\t\t<div class=\"elementor-element elementor-element-ec1f87a elementor-widget elementor-widget-image\" data-id=\"ec1f87a\" data-element_type=\"widget\" data-e-type=\"widget\" data-widget_type=\"image.default\">\n\t\t\t\t<div class=\"elementor-widget-container\">\n\t\t\t\t\t\t\t\t\t\t\t\t\t\t\t<img loading=\"lazy\" decoding=\"async\" width=\"800\" height=\"501\" src=\"https:\/\/actionnairespourleclimat.org\/wp-content\/uploads\/2023\/10\/Collecter.jpg\" class=\"attachment-large size-large wp-image-890\" alt=\"\" srcset=\"https:\/\/actionnairespourleclimat.org\/wp-content\/uploads\/2023\/10\/Collecter.jpg 801w, https:\/\/actionnairespourleclimat.org\/wp-content\/uploads\/2023\/10\/Collecter-300x188.jpg 300w, https:\/\/actionnairespourleclimat.org\/wp-content\/uploads\/2023\/10\/Collecter-768x481.jpg 768w\" sizes=\"(max-width: 800px) 100vw, 800px\" \/>\t\t\t\t\t\t\t\t\t\t\t\t\t\t\t<\/div>\n\t\t\t\t<\/div>\n\t\t\t\t<div class=\"elementor-element elementor-element-bb180d4 elementor-widget elementor-widget-heading\" data-id=\"bb180d4\" data-element_type=\"widget\" data-e-type=\"widget\" data-widget_type=\"heading.default\">\n\t\t\t\t<div class=\"elementor-widget-container\">\n\t\t\t\t\t<h2 class=\"elementor-heading-title elementor-size-default\">COLLECTER<\/h2>\t\t\t\t<\/div>\n\t\t\t\t<\/div>\n\t\t\t\t<div class=\"elementor-element elementor-element-02cfd21 elementor-widget elementor-widget-text-editor\" data-id=\"02cfd21\" data-element_type=\"widget\" data-e-type=\"widget\" data-widget_type=\"text-editor.default\">\n\t\t\t\t<div class=\"elementor-widget-container\">\n\t\t\t\t\t\t\t\t\t<p>Et d\u2019analyser tous types de donn\u00e9es afin de mesurer l\u2019efficacit\u00e9 et l\u2019effectivit\u00e9 des politiques environnementales.<\/p>\t\t\t\t\t\t\t\t<\/div>\n\t\t\t\t<\/div>\n\t\t\t\t<\/div>\n\t\t<div class=\"elementor-element elementor-element-bfba506 e-con-full e-flex e-con e-child\" data-id=\"bfba506\" data-element_type=\"container\" data-e-type=\"container\">\n\t\t\t\t<div class=\"elementor-element elementor-element-47b820f elementor-hidden-desktop elementor-hidden-tablet elementor-widget-divider--view-line elementor-widget elementor-widget-divider\" data-id=\"47b820f\" data-element_type=\"widget\" data-e-type=\"widget\" data-widget_type=\"divider.default\">\n\t\t\t\t<div class=\"elementor-widget-container\">\n\t\t\t\t\t\t\t<div class=\"elementor-divider\">\n\t\t\t<span class=\"elementor-divider-separator\">\n\t\t\t\t\t\t<\/span>\n\t\t<\/div>\n\t\t\t\t\t\t<\/div>\n\t\t\t\t<\/div>\n\t\t\t\t<div class=\"elementor-element elementor-element-0ff2e96 elementor-widget elementor-widget-image\" data-id=\"0ff2e96\" data-element_type=\"widget\" data-e-type=\"widget\" data-widget_type=\"image.default\">\n\t\t\t\t<div class=\"elementor-widget-container\">\n\t\t\t\t\t\t\t\t\t\t\t\t\t\t\t<img loading=\"lazy\" decoding=\"async\" width=\"800\" height=\"500\" src=\"https:\/\/actionnairespourleclimat.org\/wp-content\/uploads\/2023\/11\/Pro.webp\" class=\"attachment-large size-large wp-image-1159\" alt=\"\" srcset=\"https:\/\/actionnairespourleclimat.org\/wp-content\/uploads\/2023\/11\/Pro.webp 800w, https:\/\/actionnairespourleclimat.org\/wp-content\/uploads\/2023\/11\/Pro-300x188.webp 300w, https:\/\/actionnairespourleclimat.org\/wp-content\/uploads\/2023\/11\/Pro-768x480.webp 768w\" sizes=\"(max-width: 800px) 100vw, 800px\" \/>\t\t\t\t\t\t\t\t\t\t\t\t\t\t\t<\/div>\n\t\t\t\t<\/div>\n\t\t\t\t<div class=\"elementor-element elementor-element-92841e0 elementor-widget elementor-widget-heading\" data-id=\"92841e0\" data-element_type=\"widget\" data-e-type=\"widget\" data-widget_type=\"heading.default\">\n\t\t\t\t<div class=\"elementor-widget-container\">\n\t\t\t\t\t<h2 class=\"elementor-heading-title elementor-size-default\">PROMOUVOIR<\/h2>\t\t\t\t<\/div>\n\t\t\t\t<\/div>\n\t\t\t\t<div class=\"elementor-element elementor-element-30562dc elementor-widget elementor-widget-text-editor\" data-id=\"30562dc\" data-element_type=\"widget\" data-e-type=\"widget\" data-widget_type=\"text-editor.default\">\n\t\t\t\t<div class=\"elementor-widget-container\">\n\t\t\t\t\t\t\t\t\t<p>L\u2019actionnariat-citoyen et l\u2019actionnariat-salari\u00e9 soutenant les politiques de redirection des financements et des investissements ainsi que celles visant \u00e0 l\u2019acc\u00e9l\u00e9ration et le renforcement des transitions \u00e9conomiques fondamentales.<\/p>\t\t\t\t\t\t\t\t<\/div>\n\t\t\t\t<\/div>\n\t\t\t\t<\/div>\n\t\t\t\t\t<\/div>\n\t\t\t\t<\/div>\n\t\t<div class=\"elementor-element elementor-element-d121697 e-flex e-con-boxed e-con e-parent\" data-id=\"d121697\" data-element_type=\"container\" data-e-type=\"container\">\n\t\t\t\t\t<div class=\"e-con-inner\">\n\t\t<div class=\"elementor-element elementor-element-f33930c e-con-full e-flex e-con e-child\" data-id=\"f33930c\" data-element_type=\"container\" data-e-type=\"container\">\n\t\t\t\t<div class=\"elementor-element elementor-element-cb93d2f elementor-hidden-desktop elementor-hidden-tablet elementor-widget-divider--view-line elementor-widget elementor-widget-divider\" data-id=\"cb93d2f\" data-element_type=\"widget\" data-e-type=\"widget\" data-widget_type=\"divider.default\">\n\t\t\t\t<div class=\"elementor-widget-container\">\n\t\t\t\t\t\t\t<div class=\"elementor-divider\">\n\t\t\t<span class=\"elementor-divider-separator\">\n\t\t\t\t\t\t<\/span>\n\t\t<\/div>\n\t\t\t\t\t\t<\/div>\n\t\t\t\t<\/div>\n\t\t\t\t<div class=\"elementor-element elementor-element-353aa5f elementor-widget elementor-widget-image\" data-id=\"353aa5f\" data-element_type=\"widget\" data-e-type=\"widget\" data-widget_type=\"image.default\">\n\t\t\t\t<div class=\"elementor-widget-container\">\n\t\t\t\t\t\t\t\t\t\t\t\t\t\t\t<img loading=\"lazy\" decoding=\"async\" width=\"800\" height=\"500\" src=\"https:\/\/actionnairespourleclimat.org\/wp-content\/uploads\/2023\/11\/Al.webp\" class=\"attachment-large size-large wp-image-1160\" alt=\"\" srcset=\"https:\/\/actionnairespourleclimat.org\/wp-content\/uploads\/2023\/11\/Al.webp 800w, https:\/\/actionnairespourleclimat.org\/wp-content\/uploads\/2023\/11\/Al-300x188.webp 300w, https:\/\/actionnairespourleclimat.org\/wp-content\/uploads\/2023\/11\/Al-768x480.webp 768w\" sizes=\"(max-width: 800px) 100vw, 800px\" \/>\t\t\t\t\t\t\t\t\t\t\t\t\t\t\t<\/div>\n\t\t\t\t<\/div>\n\t\t\t\t<div class=\"elementor-element elementor-element-514992f elementor-widget elementor-widget-heading\" data-id=\"514992f\" data-element_type=\"widget\" data-e-type=\"widget\" data-widget_type=\"heading.default\">\n\t\t\t\t<div class=\"elementor-widget-container\">\n\t\t\t\t\t<h2 class=\"elementor-heading-title elementor-size-default\">ALERTER<\/h2>\t\t\t\t<\/div>\n\t\t\t\t<\/div>\n\t\t\t\t<div class=\"elementor-element elementor-element-4815938 elementor-widget elementor-widget-text-editor\" data-id=\"4815938\" data-element_type=\"widget\" data-e-type=\"widget\" data-widget_type=\"text-editor.default\">\n\t\t\t\t<div class=\"elementor-widget-container\">\n\t\t\t\t\t\t\t\t\t<p>Les pouvoirs publics et la soci\u00e9t\u00e9 civile du non respect de l\u2019ensemble des normes juridiques, comptables et financi\u00e8res.<\/p>\t\t\t\t\t\t\t\t<\/div>\n\t\t\t\t<\/div>\n\t\t\t\t<\/div>\n\t\t<div class=\"elementor-element elementor-element-580c35c e-con-full e-flex e-con e-child\" data-id=\"580c35c\" data-element_type=\"container\" data-e-type=\"container\">\n\t\t\t\t<div class=\"elementor-element elementor-element-b1bd835 elementor-hidden-desktop elementor-hidden-tablet elementor-widget-divider--view-line elementor-widget elementor-widget-divider\" data-id=\"b1bd835\" data-element_type=\"widget\" data-e-type=\"widget\" data-widget_type=\"divider.default\">\n\t\t\t\t<div class=\"elementor-widget-container\">\n\t\t\t\t\t\t\t<div class=\"elementor-divider\">\n\t\t\t<span class=\"elementor-divider-separator\">\n\t\t\t\t\t\t<\/span>\n\t\t<\/div>\n\t\t\t\t\t\t<\/div>\n\t\t\t\t<\/div>\n\t\t\t\t<div class=\"elementor-element elementor-element-615c8b4 elementor-widget elementor-widget-image\" data-id=\"615c8b4\" data-element_type=\"widget\" data-e-type=\"widget\" data-widget_type=\"image.default\">\n\t\t\t\t<div class=\"elementor-widget-container\">\n\t\t\t\t\t\t\t\t\t\t\t\t\t\t\t<img loading=\"lazy\" decoding=\"async\" width=\"800\" height=\"495\" src=\"https:\/\/actionnairespourleclimat.org\/wp-content\/uploads\/2023\/11\/Acc-1.webp\" class=\"attachment-large size-large wp-image-1161\" alt=\"\" srcset=\"https:\/\/actionnairespourleclimat.org\/wp-content\/uploads\/2023\/11\/Acc-1.webp 800w, https:\/\/actionnairespourleclimat.org\/wp-content\/uploads\/2023\/11\/Acc-1-300x186.webp 300w, https:\/\/actionnairespourleclimat.org\/wp-content\/uploads\/2023\/11\/Acc-1-768x475.webp 768w\" sizes=\"(max-width: 800px) 100vw, 800px\" \/>\t\t\t\t\t\t\t\t\t\t\t\t\t\t\t<\/div>\n\t\t\t\t<\/div>\n\t\t\t\t<div class=\"elementor-element elementor-element-073d594 elementor-widget elementor-widget-heading\" data-id=\"073d594\" data-element_type=\"widget\" data-e-type=\"widget\" data-widget_type=\"heading.default\">\n\t\t\t\t<div class=\"elementor-widget-container\">\n\t\t\t\t\t<h2 class=\"elementor-heading-title elementor-size-default\">ACCOMPAGNER<\/h2>\t\t\t\t<\/div>\n\t\t\t\t<\/div>\n\t\t\t\t<div class=\"elementor-element elementor-element-e2629c1 elementor-widget elementor-widget-text-editor\" data-id=\"e2629c1\" data-element_type=\"widget\" data-e-type=\"widget\" data-widget_type=\"text-editor.default\">\n\t\t\t\t<div class=\"elementor-widget-container\">\n\t\t\t\t\t\t\t\t\t<p>Les parties prenantes aux d\u00e9marches et proc\u00e9dures administratives n\u00e9cessaires \u00e0 l\u2019atteinte de ces objectifs.<\/p>\t\t\t\t\t\t\t\t<\/div>\n\t\t\t\t<\/div>\n\t\t\t\t<\/div>\n\t\t<div class=\"elementor-element elementor-element-3d8f678 e-con-full e-flex e-con e-child\" data-id=\"3d8f678\" data-element_type=\"container\" data-e-type=\"container\">\n\t\t\t\t<div class=\"elementor-element elementor-element-fbbe449 elementor-hidden-desktop elementor-hidden-tablet elementor-widget-divider--view-line elementor-widget elementor-widget-divider\" data-id=\"fbbe449\" data-element_type=\"widget\" data-e-type=\"widget\" data-widget_type=\"divider.default\">\n\t\t\t\t<div class=\"elementor-widget-container\">\n\t\t\t\t\t\t\t<div class=\"elementor-divider\">\n\t\t\t<span class=\"elementor-divider-separator\">\n\t\t\t\t\t\t<\/span>\n\t\t<\/div>\n\t\t\t\t\t\t<\/div>\n\t\t\t\t<\/div>\n\t\t\t\t<div class=\"elementor-element elementor-element-9a27ac3 elementor-widget elementor-widget-image\" data-id=\"9a27ac3\" data-element_type=\"widget\" data-e-type=\"widget\" data-widget_type=\"image.default\">\n\t\t\t\t<div class=\"elementor-widget-container\">\n\t\t\t\t\t\t\t\t\t\t\t\t\t\t\t<img loading=\"lazy\" decoding=\"async\" width=\"800\" height=\"500\" src=\"https:\/\/actionnairespourleclimat.org\/wp-content\/uploads\/2023\/11\/Po.webp\" class=\"attachment-large size-large wp-image-1162\" alt=\"\" srcset=\"https:\/\/actionnairespourleclimat.org\/wp-content\/uploads\/2023\/11\/Po.webp 800w, https:\/\/actionnairespourleclimat.org\/wp-content\/uploads\/2023\/11\/Po-300x188.webp 300w, https:\/\/actionnairespourleclimat.org\/wp-content\/uploads\/2023\/11\/Po-768x480.webp 768w\" sizes=\"(max-width: 800px) 100vw, 800px\" \/>\t\t\t\t\t\t\t\t\t\t\t\t\t\t\t<\/div>\n\t\t\t\t<\/div>\n\t\t\t\t<div class=\"elementor-element elementor-element-36abed5 elementor-widget elementor-widget-heading\" data-id=\"36abed5\" data-element_type=\"widget\" data-e-type=\"widget\" data-widget_type=\"heading.default\">\n\t\t\t\t<div class=\"elementor-widget-container\">\n\t\t\t\t\t<h2 class=\"elementor-heading-title elementor-size-default\">PORTER<\/h2>\t\t\t\t<\/div>\n\t\t\t\t<\/div>\n\t\t\t\t<div class=\"elementor-element elementor-element-c4c6ad9 elementor-widget elementor-widget-text-editor\" data-id=\"c4c6ad9\" data-element_type=\"widget\" data-e-type=\"widget\" data-widget_type=\"text-editor.default\">\n\t\t\t\t<div class=\"elementor-widget-container\">\n\t\t\t\t\t\t\t\t\t<p>L\u2019Observatoire Finance Climat et Biodiversit\u00e9 destin\u00e9 notamment \u00e0 la r\u00e9alisation de stress tests climatiques des entreprises.<\/p>\t\t\t\t\t\t\t\t<\/div>\n\t\t\t\t<\/div>\n\t\t\t\t<\/div>\n\t\t<div class=\"elementor-element elementor-element-8726753 e-con-full e-flex e-con e-child\" data-id=\"8726753\" data-element_type=\"container\" data-e-type=\"container\">\n\t\t\t\t<div class=\"elementor-element elementor-element-25d72a3 elementor-hidden-desktop elementor-hidden-tablet elementor-widget-divider--view-line elementor-widget elementor-widget-divider\" data-id=\"25d72a3\" data-element_type=\"widget\" data-e-type=\"widget\" data-widget_type=\"divider.default\">\n\t\t\t\t<div class=\"elementor-widget-container\">\n\t\t\t\t\t\t\t<div class=\"elementor-divider\">\n\t\t\t<span class=\"elementor-divider-separator\">\n\t\t\t\t\t\t<\/span>\n\t\t<\/div>\n\t\t\t\t\t\t<\/div>\n\t\t\t\t<\/div>\n\t\t\t\t<div class=\"elementor-element elementor-element-f9632b2 elementor-widget elementor-widget-image\" data-id=\"f9632b2\" data-element_type=\"widget\" data-e-type=\"widget\" data-widget_type=\"image.default\">\n\t\t\t\t<div class=\"elementor-widget-container\">\n\t\t\t\t\t\t\t\t\t\t\t\t\t\t\t<img loading=\"lazy\" decoding=\"async\" width=\"800\" height=\"500\" src=\"https:\/\/actionnairespourleclimat.org\/wp-content\/uploads\/2023\/11\/Participer.webp\" class=\"attachment-large size-large wp-image-1163\" alt=\"\" srcset=\"https:\/\/actionnairespourleclimat.org\/wp-content\/uploads\/2023\/11\/Participer.webp 800w, https:\/\/actionnairespourleclimat.org\/wp-content\/uploads\/2023\/11\/Participer-300x188.webp 300w, https:\/\/actionnairespourleclimat.org\/wp-content\/uploads\/2023\/11\/Participer-768x480.webp 768w\" sizes=\"(max-width: 800px) 100vw, 800px\" \/>\t\t\t\t\t\t\t\t\t\t\t\t\t\t\t<\/div>\n\t\t\t\t<\/div>\n\t\t\t\t<div class=\"elementor-element elementor-element-2e124db elementor-widget elementor-widget-heading\" data-id=\"2e124db\" data-element_type=\"widget\" data-e-type=\"widget\" data-widget_type=\"heading.default\">\n\t\t\t\t<div class=\"elementor-widget-container\">\n\t\t\t\t\t<h2 class=\"elementor-heading-title elementor-size-default\">PARTICIPER<\/h2>\t\t\t\t<\/div>\n\t\t\t\t<\/div>\n\t\t\t\t<div class=\"elementor-element elementor-element-f82f4de elementor-widget elementor-widget-text-editor\" data-id=\"f82f4de\" data-element_type=\"widget\" data-e-type=\"widget\" data-widget_type=\"text-editor.default\">\n\t\t\t\t<div class=\"elementor-widget-container\">\n\t\t\t\t\t\t\t\t\t<p>A des r\u00e9unions publiques et priv\u00e9es, la collaboration \u00e0 la r\u00e9daction d\u2019articles, d\u2019ouvrages ou de tribunes dans son champ d\u2019expertise.<\/p>\t\t\t\t\t\t\t\t<\/div>\n\t\t\t\t<\/div>\n\t\t\t\t<\/div>\n\t\t\t\t\t<\/div>\n\t\t\t\t<\/div>\n\t\t<div class=\"elementor-element elementor-element-a004f6c e-con-full e-flex e-con e-parent\" data-id=\"a004f6c\" data-element_type=\"container\" data-e-type=\"container\">\n\t\t<div class=\"elementor-element elementor-element-fc43bb7 e-con-full e-flex e-con e-child\" data-id=\"fc43bb7\" data-element_type=\"container\" data-e-type=\"container\" data-settings=\"{&quot;background_background&quot;:&quot;gradient&quot;}\">\n\t\t\t\t<div class=\"elementor-element elementor-element-701ee14 elementor-widget elementor-widget-heading\" data-id=\"701ee14\" data-element_type=\"widget\" data-e-type=\"widget\" data-widget_type=\"heading.default\">\n\t\t\t\t<div class=\"elementor-widget-container\">\n\t\t\t\t\t<h2 class=\"elementor-heading-title elementor-size-default\">Rejoignez-nous<\/h2>\t\t\t\t<\/div>\n\t\t\t\t<\/div>\n\t\t\t\t<div class=\"elementor-element elementor-element-b5d6ae1 elementor-widget elementor-widget-text-editor\" data-id=\"b5d6ae1\" data-element_type=\"widget\" data-e-type=\"widget\" data-widget_type=\"text-editor.default\">\n\t\t\t\t<div class=\"elementor-widget-container\">\n\t\t\t\t\t\t\t\t\t<p>Vous souhaitez contribuer aux enjeux de transition \u00e9cologique en apportant vos comp\u00e9tences\u00a0?<\/p><p>Vous souhaitez contribuer \u00e0 nos travaux de recherche sur l\u2019engagement actionnarial.<\/p><p>Actionnaires pour le climat sera ravi de vous accueillir, merci de compl\u00e9ter le formulaire de contact ci-dessous\u00a0<\/p>\t\t\t\t\t\t\t\t<\/div>\n\t\t\t\t<\/div>\n\t\t\t\t<div class=\"elementor-element elementor-element-a890d7a elementor-widget elementor-widget-wpforms\" data-id=\"a890d7a\" data-element_type=\"widget\" data-e-type=\"widget\" data-widget_type=\"wpforms.default\">\n\t\t\t\t<div class=\"elementor-widget-container\">\n\t\t\t\t\t<style id=\"wpforms-css-vars-elementor-widget-a890d7a\">\n\t\t\t\t.elementor-widget-wpforms.elementor-element-a890d7a {\n\t\t\t\t--wpforms-field-background-color: #FFFFFF;\n--wpforms-field-border-color: #01324673;\n--wpforms-field-border-color-spare: #01324673;\n--wpforms-button-border-radius: 2px;\n--wpforms-button-background-color: #FFFFFF;\n--wpforms-label-color: #FFFFFFD9;\n--wpforms-label-sublabel-color: #FFFFFF8C;\n--wpforms-button-text-color: #013246;\n--wpforms-field-size-input-height: 31px;\n--wpforms-field-size-input-spacing: 10px;\n--wpforms-field-size-font-size: 14px;\n--wpforms-field-size-line-height: 17px;\n--wpforms-field-size-padding-h: 9px;\n--wpforms-field-size-checkbox-size: 14px;\n--wpforms-field-size-sublabel-spacing: 5px;\n--wpforms-field-size-icon-size: 0.75;\n--wpforms-button-size-font-size: 14px;\n--wpforms-button-size-height: 37px;\n--wpforms-button-size-padding-h: 15px;\n--wpforms-button-size-margin-top: 5px;\n\t\t\t}\n\t\t\t<\/style><div class=\"wpforms-container wpforms-container-full wpforms-render-modern\" id=\"wpforms-1208\"><form id=\"wpforms-form-1208\" class=\"wpforms-validate wpforms-form wpforms-ajax-form\" data-formid=\"1208\" method=\"post\" enctype=\"multipart\/form-data\" action=\"\/index.php\/wp-json\/wp\/v2\/pages\/15\" data-token=\"b46f6d516104bf962e9ae6489f786611\" data-token-time=\"1777710333\"><noscript class=\"wpforms-error-noscript\">Veuillez activer JavaScript dans votre navigateur pour remplir ce formulaire.<\/noscript><div id=\"wpforms-error-noscript\" style=\"display: none;\">Veuillez activer JavaScript dans votre navigateur pour remplir ce formulaire.<\/div><div class=\"wpforms-field-container\"><div id=\"wpforms-1208-field_1-container\" class=\"wpforms-field wpforms-field-name\" data-field-id=\"1\"><fieldset><legend class=\"wpforms-field-label\">Nom <span class=\"wpforms-required-label\" aria-hidden=\"true\">*<\/span><\/legend><div class=\"wpforms-field-row wpforms-field-medium\"><div class=\"wpforms-field-row-block wpforms-first wpforms-one-half\"><input type=\"text\" id=\"wpforms-1208-field_1\" class=\"wpforms-field-name-first wpforms-field-required\" name=\"wpforms[fields][1][first]\" aria-errormessage=\"wpforms-1208-field_1-error\" required><label for=\"wpforms-1208-field_1\" class=\"wpforms-field-sublabel after\">Pr\u00e9nom<\/label><\/div><div class=\"wpforms-field-row-block wpforms-one-half\"><input type=\"text\" id=\"wpforms-1208-field_1-last\" class=\"wpforms-field-name-last wpforms-field-required\" name=\"wpforms[fields][1][last]\" aria-errormessage=\"wpforms-1208-field_1-last-error\" required><label for=\"wpforms-1208-field_1-last\" class=\"wpforms-field-sublabel after\">Nom<\/label><\/div><\/div><\/fieldset><\/div><div id=\"wpforms-1208-field_4-container\" class=\"wpforms-field wpforms-field-text\" data-field-id=\"4\"><label class=\"wpforms-field-label\" for=\"wpforms-1208-field_4\">Profession <span class=\"wpforms-required-label\" aria-hidden=\"true\">*<\/span><\/label><input type=\"text\" id=\"wpforms-1208-field_4\" class=\"wpforms-field-medium wpforms-field-required\" name=\"wpforms[fields][4]\" aria-errormessage=\"wpforms-1208-field_4-error\" required><\/div><div id=\"wpforms-1208-field_6-container\" class=\"wpforms-field wpforms-field-text\" data-field-id=\"6\"><label class=\"wpforms-field-label\" for=\"wpforms-1208-field_6\">T\u00e9l\u00e9phone<\/label><input type=\"text\" id=\"wpforms-1208-field_6\" class=\"wpforms-field-medium\" name=\"wpforms[fields][6]\" aria-errormessage=\"wpforms-1208-field_6-error\" ><\/div><div id=\"wpforms-1208-field_2-container\" class=\"wpforms-field wpforms-field-email\" data-field-id=\"2\"><label class=\"wpforms-field-label\" for=\"wpforms-1208-field_2\">E-mail <span class=\"wpforms-required-label\" aria-hidden=\"true\">*<\/span><\/label><input type=\"email\" id=\"wpforms-1208-field_2\" class=\"wpforms-field-medium wpforms-field-required\" name=\"wpforms[fields][2]\" spellcheck=\"false\" aria-errormessage=\"wpforms-1208-field_2-error\" required><\/div><div id=\"wpforms-1208-field_3-container\" class=\"wpforms-field wpforms-field-radio\" data-field-id=\"3\"><fieldset><legend class=\"wpforms-field-label\">Souhaitez-vous :  <span class=\"wpforms-required-label\" aria-hidden=\"true\">*<\/span><\/legend><ul id=\"wpforms-1208-field_3\" class=\"wpforms-field-required\"><li class=\"choice-1 depth-1\"><input type=\"radio\" id=\"wpforms-1208-field_3_1\" name=\"wpforms[fields][3]\" value=\"Nous contacter\" aria-errormessage=\"wpforms-1208-field_3_1-error\" required ><label class=\"wpforms-field-label-inline\" for=\"wpforms-1208-field_3_1\">Nous contacter<\/label><\/li><li class=\"choice-2 depth-1\"><input type=\"radio\" id=\"wpforms-1208-field_3_2\" name=\"wpforms[fields][3]\" value=\"Adh\u00e9rer \u00e0 l&#039;association\" aria-errormessage=\"wpforms-1208-field_3_2-error\" required ><label class=\"wpforms-field-label-inline\" for=\"wpforms-1208-field_3_2\">Adh\u00e9rer \u00e0 l'association<\/label><\/li><\/ul><\/fieldset><\/div><div id=\"wpforms-1208-field_7-container\" class=\"wpforms-field wpforms-field-textarea\" data-field-id=\"7\"><label class=\"wpforms-field-label\" for=\"wpforms-1208-field_7\">Message <span class=\"wpforms-required-label\" aria-hidden=\"true\">*<\/span><\/label><textarea id=\"wpforms-1208-field_7\" class=\"wpforms-field-medium wpforms-field-required\" name=\"wpforms[fields][7]\" aria-errormessage=\"wpforms-1208-field_7-error\" required><\/textarea><\/div><\/div><!-- .wpforms-field-container --><div class=\"wpforms-recaptcha-container wpforms-is-recaptcha wpforms-is-recaptcha-type-v3\" ><input type=\"hidden\" name=\"wpforms[recaptcha]\" value=\"\"><\/div><div class=\"wpforms-submit-container\" ><input type=\"hidden\" name=\"wpforms[id]\" value=\"1208\"><input type=\"hidden\" name=\"page_title\" value=\"\"><input type=\"hidden\" name=\"page_url\" value=\"https:\/\/actionnairespourleclimat.org\/index.php\/wp-json\/wp\/v2\/pages\/15\"><input type=\"hidden\" name=\"url_referer\" value=\"\"><button type=\"submit\" name=\"wpforms[submit]\" id=\"wpforms-submit-1208\" class=\"wpforms-submit\" data-alt-text=\"Envoi...\" data-submit-text=\"Envoyer\" aria-live=\"assertive\" value=\"wpforms-submit\">Envoyer<\/button><img loading=\"lazy\" decoding=\"async\" src=\"https:\/\/actionnairespourleclimat.org\/wp-content\/plugins\/wpforms-lite\/assets\/images\/submit-spin.svg\" class=\"wpforms-submit-spinner\" style=\"display: none;\" width=\"26\" height=\"26\" alt=\"Chargement en cours\"><\/div><\/form><\/div>  <!-- .wpforms-container -->\t\t\t\t<\/div>\n\t\t\t\t<\/div>\n\t\t\t\t<\/div>\n\t\t\t\t<\/div>\n\t\t\t\t<\/div>\n\t\t","protected":false},"excerpt":{"rendered":"<p>L&rsquo;\u00e9quipe Jean-Louis VIRAT Expert comptable Actionnaire pour le climat Nicolas PRAQUIN Professeur des universit\u00e9s \u00e0 l&rsquo;universit\u00e9 Paris Saclay Expert comptable Marielle MATHIEU 17 ans d&rsquo;audit l\u00e9gal Diplom\u00e9e expertise comptable &#8211; Co-fondatrice de la m\u00e9thode SeMA Pascal PETIT Directeur de recherche en \u00e9conomie CNRS Em\u00e9rite &#8211; associ\u00e9 M\u00e9tamorphose Muttiah YOGANANTHAN Ancien responsable des normes professionnelles de [&hellip;]<\/p>\n","protected":false},"author":1,"featured_media":0,"parent":0,"menu_order":0,"comment_status":"closed","ping_status":"closed","template":"elementor_header_footer","meta":{"footnotes":""},"class_list":["post-15","page","type-page","status-publish","hentry"],"yoast_head":"<!-- This site is optimized with the Yoast SEO plugin v27.5 - https:\/\/yoast.com\/product\/yoast-seo-wordpress\/ -->\n<title>Nous conna\u00eetre - Actionnaires pour le climat<\/title>\n<meta name=\"robots\" content=\"index, follow, max-snippet:-1, max-image-preview:large, max-video-preview:-1\" \/>\n<link rel=\"canonical\" href=\"https:\/\/actionnairespourleclimat.org\/index.php\/nous-connaitre\/\" \/>\n<meta property=\"og:locale\" content=\"fr_FR\" \/>\n<meta property=\"og:type\" content=\"article\" \/>\n<meta property=\"og:title\" content=\"Nous conna\u00eetre - Actionnaires pour le climat\" \/>\n<meta property=\"og:description\" content=\"L&rsquo;\u00e9quipe Jean-Louis VIRAT Expert comptable Actionnaire pour le climat Nicolas PRAQUIN Professeur des universit\u00e9s \u00e0 l&rsquo;universit\u00e9 Paris Saclay Expert comptable Marielle MATHIEU 17 ans d&rsquo;audit l\u00e9gal Diplom\u00e9e expertise comptable &#8211; Co-fondatrice de la m\u00e9thode SeMA Pascal PETIT Directeur de recherche en \u00e9conomie CNRS Em\u00e9rite &#8211; associ\u00e9 M\u00e9tamorphose Muttiah YOGANANTHAN Ancien responsable des normes professionnelles de [&hellip;]\" \/>\n<meta property=\"og:url\" content=\"https:\/\/actionnairespourleclimat.org\/index.php\/nous-connaitre\/\" \/>\n<meta property=\"og:site_name\" content=\"Actionnaires pour le climat\" \/>\n<meta property=\"article:modified_time\" content=\"2023-12-13T11:00:40+00:00\" \/>\n<meta property=\"og:image\" content=\"https:\/\/actionnairespourleclimat.org\/wp-content\/uploads\/2023\/10\/Photo111-300x300.png\" \/>\n<meta name=\"twitter:card\" content=\"summary_large_image\" \/>\n<meta name=\"twitter:label1\" content=\"Dur\u00e9e de lecture estim\u00e9e\" \/>\n\t<meta name=\"twitter:data1\" content=\"7 minutes\" \/>\n<script type=\"application\/ld+json\" class=\"yoast-schema-graph\">{\"@context\":\"https:\\\/\\\/schema.org\",\"@graph\":[{\"@type\":\"WebPage\",\"@id\":\"https:\\\/\\\/actionnairespourleclimat.org\\\/index.php\\\/nous-connaitre\\\/\",\"url\":\"https:\\\/\\\/actionnairespourleclimat.org\\\/index.php\\\/nous-connaitre\\\/\",\"name\":\"Nous conna\u00eetre - Actionnaires pour le climat\",\"isPartOf\":{\"@id\":\"https:\\\/\\\/actionnairespourleclimat.org\\\/#website\"},\"primaryImageOfPage\":{\"@id\":\"https:\\\/\\\/actionnairespourleclimat.org\\\/index.php\\\/nous-connaitre\\\/#primaryimage\"},\"image\":{\"@id\":\"https:\\\/\\\/actionnairespourleclimat.org\\\/index.php\\\/nous-connaitre\\\/#primaryimage\"},\"thumbnailUrl\":\"https:\\\/\\\/actionnairespourleclimat.org\\\/wp-content\\\/uploads\\\/2023\\\/10\\\/Photo111-300x300.png\",\"datePublished\":\"2023-10-13T13:00:57+00:00\",\"dateModified\":\"2023-12-13T11:00:40+00:00\",\"breadcrumb\":{\"@id\":\"https:\\\/\\\/actionnairespourleclimat.org\\\/index.php\\\/nous-connaitre\\\/#breadcrumb\"},\"inLanguage\":\"fr-FR\",\"potentialAction\":[{\"@type\":\"ReadAction\",\"target\":[\"https:\\\/\\\/actionnairespourleclimat.org\\\/index.php\\\/nous-connaitre\\\/\"]}]},{\"@type\":\"ImageObject\",\"inLanguage\":\"fr-FR\",\"@id\":\"https:\\\/\\\/actionnairespourleclimat.org\\\/index.php\\\/nous-connaitre\\\/#primaryimage\",\"url\":\"https:\\\/\\\/actionnairespourleclimat.org\\\/wp-content\\\/uploads\\\/2023\\\/10\\\/Photo111.png\",\"contentUrl\":\"https:\\\/\\\/actionnairespourleclimat.org\\\/wp-content\\\/uploads\\\/2023\\\/10\\\/Photo111.png\",\"width\":614,\"height\":612},{\"@type\":\"BreadcrumbList\",\"@id\":\"https:\\\/\\\/actionnairespourleclimat.org\\\/index.php\\\/nous-connaitre\\\/#breadcrumb\",\"itemListElement\":[{\"@type\":\"ListItem\",\"position\":1,\"name\":\"Accueil\",\"item\":\"https:\\\/\\\/actionnairespourleclimat.org\\\/\"},{\"@type\":\"ListItem\",\"position\":2,\"name\":\"Nous conna\u00eetre\"}]},{\"@type\":\"WebSite\",\"@id\":\"https:\\\/\\\/actionnairespourleclimat.org\\\/#website\",\"url\":\"https:\\\/\\\/actionnairespourleclimat.org\\\/\",\"name\":\"Actionnaires pour le climat\",\"description\":\"L\u2019engagement actionnarial, un levier essentiel de la transition \u00e9cologique des entreprises\",\"publisher\":{\"@id\":\"https:\\\/\\\/actionnairespourleclimat.org\\\/#organization\"},\"potentialAction\":[{\"@type\":\"SearchAction\",\"target\":{\"@type\":\"EntryPoint\",\"urlTemplate\":\"https:\\\/\\\/actionnairespourleclimat.org\\\/?s={search_term_string}\"},\"query-input\":{\"@type\":\"PropertyValueSpecification\",\"valueRequired\":true,\"valueName\":\"search_term_string\"}}],\"inLanguage\":\"fr-FR\"},{\"@type\":\"Organization\",\"@id\":\"https:\\\/\\\/actionnairespourleclimat.org\\\/#organization\",\"name\":\"Actionnaires pour le climat\",\"url\":\"https:\\\/\\\/actionnairespourleclimat.org\\\/\",\"logo\":{\"@type\":\"ImageObject\",\"inLanguage\":\"fr-FR\",\"@id\":\"https:\\\/\\\/actionnairespourleclimat.org\\\/#\\\/schema\\\/logo\\\/image\\\/\",\"url\":\"https:\\\/\\\/actionnairespourleclimat.org\\\/wp-content\\\/uploads\\\/2023\\\/10\\\/Logo-APLC-V3.png\",\"contentUrl\":\"https:\\\/\\\/actionnairespourleclimat.org\\\/wp-content\\\/uploads\\\/2023\\\/10\\\/Logo-APLC-V3.png\",\"width\":1747,\"height\":776,\"caption\":\"Actionnaires pour le climat\"},\"image\":{\"@id\":\"https:\\\/\\\/actionnairespourleclimat.org\\\/#\\\/schema\\\/logo\\\/image\\\/\"}}]}<\/script>\n<!-- \/ Yoast SEO plugin. -->","yoast_head_json":{"title":"Nous conna\u00eetre - Actionnaires pour le climat","robots":{"index":"index","follow":"follow","max-snippet":"max-snippet:-1","max-image-preview":"max-image-preview:large","max-video-preview":"max-video-preview:-1"},"canonical":"https:\/\/actionnairespourleclimat.org\/index.php\/nous-connaitre\/","og_locale":"fr_FR","og_type":"article","og_title":"Nous conna\u00eetre - Actionnaires pour le climat","og_description":"L&rsquo;\u00e9quipe Jean-Louis VIRAT Expert comptable Actionnaire pour le climat Nicolas PRAQUIN Professeur des universit\u00e9s \u00e0 l&rsquo;universit\u00e9 Paris Saclay Expert comptable Marielle MATHIEU 17 ans d&rsquo;audit l\u00e9gal Diplom\u00e9e expertise comptable &#8211; Co-fondatrice de la m\u00e9thode SeMA Pascal PETIT Directeur de recherche en \u00e9conomie CNRS Em\u00e9rite &#8211; associ\u00e9 M\u00e9tamorphose Muttiah YOGANANTHAN Ancien responsable des normes professionnelles de [&hellip;]","og_url":"https:\/\/actionnairespourleclimat.org\/index.php\/nous-connaitre\/","og_site_name":"Actionnaires pour le climat","article_modified_time":"2023-12-13T11:00:40+00:00","og_image":[{"url":"https:\/\/actionnairespourleclimat.org\/wp-content\/uploads\/2023\/10\/Photo111-300x300.png","type":"","width":"","height":""}],"twitter_card":"summary_large_image","twitter_misc":{"Dur\u00e9e de lecture estim\u00e9e":"7 minutes"},"schema":{"@context":"https:\/\/schema.org","@graph":[{"@type":"WebPage","@id":"https:\/\/actionnairespourleclimat.org\/index.php\/nous-connaitre\/","url":"https:\/\/actionnairespourleclimat.org\/index.php\/nous-connaitre\/","name":"Nous conna\u00eetre - Actionnaires pour le climat","isPartOf":{"@id":"https:\/\/actionnairespourleclimat.org\/#website"},"primaryImageOfPage":{"@id":"https:\/\/actionnairespourleclimat.org\/index.php\/nous-connaitre\/#primaryimage"},"image":{"@id":"https:\/\/actionnairespourleclimat.org\/index.php\/nous-connaitre\/#primaryimage"},"thumbnailUrl":"https:\/\/actionnairespourleclimat.org\/wp-content\/uploads\/2023\/10\/Photo111-300x300.png","datePublished":"2023-10-13T13:00:57+00:00","dateModified":"2023-12-13T11:00:40+00:00","breadcrumb":{"@id":"https:\/\/actionnairespourleclimat.org\/index.php\/nous-connaitre\/#breadcrumb"},"inLanguage":"fr-FR","potentialAction":[{"@type":"ReadAction","target":["https:\/\/actionnairespourleclimat.org\/index.php\/nous-connaitre\/"]}]},{"@type":"ImageObject","inLanguage":"fr-FR","@id":"https:\/\/actionnairespourleclimat.org\/index.php\/nous-connaitre\/#primaryimage","url":"https:\/\/actionnairespourleclimat.org\/wp-content\/uploads\/2023\/10\/Photo111.png","contentUrl":"https:\/\/actionnairespourleclimat.org\/wp-content\/uploads\/2023\/10\/Photo111.png","width":614,"height":612},{"@type":"BreadcrumbList","@id":"https:\/\/actionnairespourleclimat.org\/index.php\/nous-connaitre\/#breadcrumb","itemListElement":[{"@type":"ListItem","position":1,"name":"Accueil","item":"https:\/\/actionnairespourleclimat.org\/"},{"@type":"ListItem","position":2,"name":"Nous conna\u00eetre"}]},{"@type":"WebSite","@id":"https:\/\/actionnairespourleclimat.org\/#website","url":"https:\/\/actionnairespourleclimat.org\/","name":"Actionnaires pour le climat","description":"L\u2019engagement actionnarial, un levier essentiel de la transition \u00e9cologique des entreprises","publisher":{"@id":"https:\/\/actionnairespourleclimat.org\/#organization"},"potentialAction":[{"@type":"SearchAction","target":{"@type":"EntryPoint","urlTemplate":"https:\/\/actionnairespourleclimat.org\/?s={search_term_string}"},"query-input":{"@type":"PropertyValueSpecification","valueRequired":true,"valueName":"search_term_string"}}],"inLanguage":"fr-FR"},{"@type":"Organization","@id":"https:\/\/actionnairespourleclimat.org\/#organization","name":"Actionnaires pour le climat","url":"https:\/\/actionnairespourleclimat.org\/","logo":{"@type":"ImageObject","inLanguage":"fr-FR","@id":"https:\/\/actionnairespourleclimat.org\/#\/schema\/logo\/image\/","url":"https:\/\/actionnairespourleclimat.org\/wp-content\/uploads\/2023\/10\/Logo-APLC-V3.png","contentUrl":"https:\/\/actionnairespourleclimat.org\/wp-content\/uploads\/2023\/10\/Logo-APLC-V3.png","width":1747,"height":776,"caption":"Actionnaires pour le climat"},"image":{"@id":"https:\/\/actionnairespourleclimat.org\/#\/schema\/logo\/image\/"}}]}},"_links":{"self":[{"href":"https:\/\/actionnairespourleclimat.org\/index.php\/wp-json\/wp\/v2\/pages\/15","targetHints":{"allow":["GET"]}}],"collection":[{"href":"https:\/\/actionnairespourleclimat.org\/index.php\/wp-json\/wp\/v2\/pages"}],"about":[{"href":"https:\/\/actionnairespourleclimat.org\/index.php\/wp-json\/wp\/v2\/types\/page"}],"author":[{"embeddable":true,"href":"https:\/\/actionnairespourleclimat.org\/index.php\/wp-json\/wp\/v2\/users\/1"}],"replies":[{"embeddable":true,"href":"https:\/\/actionnairespourleclimat.org\/index.php\/wp-json\/wp\/v2\/comments?post=15"}],"version-history":[{"count":385,"href":"https:\/\/actionnairespourleclimat.org\/index.php\/wp-json\/wp\/v2\/pages\/15\/revisions"}],"predecessor-version":[{"id":1604,"href":"https:\/\/actionnairespourleclimat.org\/index.php\/wp-json\/wp\/v2\/pages\/15\/revisions\/1604"}],"wp:attachment":[{"href":"https:\/\/actionnairespourleclimat.org\/index.php\/wp-json\/wp\/v2\/media?parent=15"}],"curies":[{"name":"wp","href":"https:\/\/api.w.org\/{rel}","templated":true}]}}