{"version":"1.0","provider_name":"Actionnaires pour le climat","provider_url":"https:\/\/actionnairespourleclimat.org","author_name":"admin2861","author_url":"https:\/\/actionnairespourleclimat.org\/index.php\/author\/admin2861\/","title":"Tribune du Monde du 30\/04\/2023 - Actionnaires pour le climat","type":"rich","width":600,"height":338,"html":"<blockquote class=\"wp-embedded-content\" data-secret=\"gw2YlcX2gP\"><a href=\"https:\/\/actionnairespourleclimat.org\/index.php\/2023\/07\/01\/tribune-du-monde-du-30-04-2023\/\">Tribune du Monde du 30\/04\/2023<\/a><\/blockquote><iframe sandbox=\"allow-scripts\" security=\"restricted\" src=\"https:\/\/actionnairespourleclimat.org\/index.php\/2023\/07\/01\/tribune-du-monde-du-30-04-2023\/embed\/#?secret=gw2YlcX2gP\" width=\"600\" height=\"338\" title=\"\u00ab\u00a0Tribune du Monde du 30\/04\/2023\u00a0\u00bb &#8212; Actionnaires pour le climat\" data-secret=\"gw2YlcX2gP\" frameborder=\"0\" marginwidth=\"0\" marginheight=\"0\" scrolling=\"no\" class=\"wp-embedded-content\"><\/iframe><script>\n\/*! This file is auto-generated *\/\n!function(d,l){\"use strict\";l.querySelector&&d.addEventListener&&\"undefined\"!=typeof URL&&(d.wp=d.wp||{},d.wp.receiveEmbedMessage||(d.wp.receiveEmbedMessage=function(e){var t=e.data;if((t||t.secret||t.message||t.value)&&!\/[^a-zA-Z0-9]\/.test(t.secret)){for(var s,r,n,a=l.querySelectorAll('iframe[data-secret=\"'+t.secret+'\"]'),o=l.querySelectorAll('blockquote[data-secret=\"'+t.secret+'\"]'),c=new RegExp(\"^https?:$\",\"i\"),i=0;i<o.length;i++)o[i].style.display=\"none\";for(i=0;i<a.length;i++)s=a[i],e.source===s.contentWindow&&(s.removeAttribute(\"style\"),\"height\"===t.message?(1e3<(r=parseInt(t.value,10))?r=1e3:~~r<200&&(r=200),s.height=r):\"link\"===t.message&&(r=new URL(s.getAttribute(\"src\")),n=new URL(t.value),c.test(n.protocol))&&n.host===r.host&&l.activeElement===s&&(d.top.location.href=t.value))}},d.addEventListener(\"message\",d.wp.receiveEmbedMessage,!1),l.addEventListener(\"DOMContentLoaded\",function(){for(var e,t,s=l.querySelectorAll(\"iframe.wp-embedded-content\"),r=0;r<s.length;r++)(t=(e=s[r]).getAttribute(\"data-secret\"))||(t=Math.random().toString(36).substring(2,12),e.src+=\"#?secret=\"+t,e.setAttribute(\"data-secret\",t)),e.contentWindow.postMessage({message:\"ready\",secret:t},\"*\")},!1)))}(window,document);\n\/\/# sourceURL=https:\/\/actionnairespourleclimat.org\/wp-includes\/js\/wp-embed.min.js\n<\/script>\n","thumbnail_url":"https:\/\/actionnairespourleclimat.org\/wp-content\/uploads\/2023\/10\/Logo-le-monde.png","thumbnail_width":1334,"thumbnail_height":667,"description":"Tribune co-sign\u00e9e par Alain Grandjean, Patrick Criqui, Marielle Mathieu et Muttiah Yoganthan Les obligations juridiques d\u2019att\u00e9nuation et de r\u00e9paration des impacts environnementaux impliquent d\u2019anticiper les charges futures li\u00e9es \u00e0 ces contraintes. Pourtant, il appara\u00eet que les co\u00fbts futurs li\u00e9s au respect des engagements de neutralit\u00e9 ne sont pas aujourd\u2019hui comptabilis\u00e9s correctement. Comment combler cette lacune [&hellip;]"}